{"id":236,"date":"2019-11-18T11:43:02","date_gmt":"2019-11-18T10:43:02","guid":{"rendered":"http:\/\/www.museiciviciviggiutesi.com\/?page_id=236"},"modified":"2019-11-21T15:25:11","modified_gmt":"2019-11-21T14:25:11","slug":"news-ed-eventi","status":"publish","type":"page","link":"https:\/\/www.museiciviciviggiutesi.com\/?page_id=236","title":{"rendered":"News ed eventi"},"content":{"rendered":"<div class=\"flex_column av_one_full  flex_column_div av-zero-column-padding first  avia-builder-el-0  el_before_av_one_full  avia-builder-el-first  \" style='border-radius:0px; '><div style='padding-bottom:10px; font-size:26px;' class='av-special-heading av-special-heading-h3  blockquote modern-quote  avia-builder-el-1  avia-builder-el-no-sibling   av-inherit-size '><h3 class='av-special-heading-tag '  itemprop=\"headline\"  ><b>Mostra in corso<\/b><\/h3><div class ='av-subheading av-subheading_below  ' style='font-size:14px;'><p>Mostre in corso presso i Musei civici Viggiutesi.<\/p>\n<\/div><div class='special-heading-border'><div class='special-heading-inner-border' ><\/div><\/div><\/div><\/div><div class=\"flex_column av_one_full  flex_column_div av-zero-column-padding first  avia-builder-el-2  el_after_av_one_full  el_before_av_hr  column-top-margin\" style='border-radius:0px; '><div class='av-alb-blogposts template-blog  '  itemscope=\"itemscope\" itemtype=\"https:\/\/schema.org\/Blog\" ><article class='post-entry post-entry-type-standard post-entry-1793 post-loop-1 post-parity-odd post-entry-last single-big with-slider post-1793 post type-post status-publish format-standard has-post-thumbnail hentry category-mic category-mip category-mcv category-senza-categoria'  itemscope=\"itemscope\" itemtype=\"https:\/\/schema.org\/BlogPosting\" ><div class=\"big-preview single-big\"><a href=\"https:\/\/www.museiciviciviggiutesi.com\/?p=1793\" title=\"Enrico della Torre. Geometrie organiche\"><img loading=\"lazy\" decoding=\"async\" width=\"1500\" height=\"430\" src=\"https:\/\/www.museiciviciviggiutesi.com\/wp-content\/uploads\/2026\/02\/DELLA-TORRE_Locandina_page-0001-1500x430.jpg\" class=\"attachment-featured size-featured wp-post-image\" alt=\"\" \/><\/a><\/div><div class='blog-meta'><\/div><div class='entry-content-wrapper clearfix standard-content'><header class=\"entry-content-header\"><h2 class='post-title entry-title '  itemprop=\"headline\" >\t<a href='https:\/\/www.museiciviciviggiutesi.com\/?p=1793' rel='bookmark' title='Link Permanente: Enrico della Torre. Geometrie organiche'>Enrico della Torre. Geometrie organiche\t\t\t<span class='post-format-icon minor-meta'><\/span>\t<\/a><\/h2><span class='post-meta-infos'><time class='date-container minor-meta updated' >28 Febbraio 2026<\/time><span class='text-sep text-sep-date'>\/<\/span><span class=\"blog-categories minor-meta\">in <a href=\"https:\/\/www.museiciviciviggiutesi.com\/?cat=6\" rel=\"tag\">Mostra in corso<\/a>, <a href=\"https:\/\/www.museiciviciviggiutesi.com\/?cat=12\" rel=\"tag\">Mostra in programma<\/a>, <a href=\"https:\/\/www.museiciviciviggiutesi.com\/?cat=10\" rel=\"tag\">Polo Museale<\/a>, <a href=\"https:\/\/www.museiciviciviggiutesi.com\/?cat=1\" rel=\"tag\">Senza categoria<\/a> <\/span><span class=\"text-sep text-sep-cat\">\/<\/span><span class=\"blog-author minor-meta\">da <span class=\"entry-author-link\" ><span class=\"vcard author\"><span class=\"fn\"><a href=\"https:\/\/www.museiciviciviggiutesi.com\/?author=2\" title=\"Articoli scritti da Francesco Rizzi\" rel=\"author\">Francesco Rizzi<\/a><\/span><\/span><\/span><\/span><\/span><\/header><div class=\"entry-content\"  itemprop=\"text\" >\n<figure class=\"wp-block-image size-full\"><img loading=\"lazy\" decoding=\"async\" width=\"595\" height=\"561\" src=\"http:\/\/www.museiciviciviggiutesi.com\/wp-content\/uploads\/2026\/02\/DELLA-TORRE_invito-web.png\" alt=\"\" class=\"wp-image-1796\" srcset=\"https:\/\/www.museiciviciviggiutesi.com\/wp-content\/uploads\/2026\/02\/DELLA-TORRE_invito-web.png 595w, https:\/\/www.museiciviciviggiutesi.com\/wp-content\/uploads\/2026\/02\/DELLA-TORRE_invito-web-300x283.png 300w, https:\/\/www.museiciviciviggiutesi.com\/wp-content\/uploads\/2026\/02\/DELLA-TORRE_invito-web-450x424.png 450w\" sizes=\"auto, (max-width: 595px) 100vw, 595px\" \/><\/figure>\n\n\n\n<p class=\"has-text-align-left\"><strong>15 marzo 2026 \u2013 31 maggio 2026<\/strong><\/p>\n\n\n\n<p class=\"has-text-align-left\"><br>A cura di Veronica Zanardi e Gabi Scardi<br>Testi critici Gabi Scardi e Veronica Zanardi<br><\/p>\n\n\n\n<p class=\"has-text-align-left\">MUSEO BUTTI | CONTEMPORANEA, Viale Varese 4, Viggi\u00f9 (VA)<br>Inaugurazione<br>Domenica 15 marzo dalle ore 11.00<br>Orari<br><strong>Marted\u00ec, Mercoled\u00ec, Gioved\u00ec, Venerd\u00ec, Sabato 14:00 &#8211; 18:30<\/strong><br><strong>Domenica 15:00 &#8211; 18:00<\/strong><br><br>Dal 15 marzo al 31 maggio il Museo Butti | Contemporanea dedica una mostra a Enrico Della Torre, pittore<br>tra i pi\u00f9 lirici e coerenti del secondo Novecento italiano, la cui ricerca ha indagato per tutta la vita il rapporto<br>profondo e strutturale tra paesaggio, percezione ed esperienza interiore.<br>La mostra, curata da Veronica Zanardi e Gabi Scardi, ripercorre l\u2019evoluzione del linguaggio dell\u2019artista<br>mettendo in luce il ruolo fondativo del territorio \u2013 in particolare il paesaggio fluviale dell\u2019Adda e della pianura<br>cremonese \u2013 come matrice poetica, emotiva e formale dell\u2019opera. In Della Torre la natura non \u00e8 mai semplice<br>soggetto, ma interlocutrice viva: un organismo complesso di luce, ritmo, colore e segno, da cui emergono<br>strutture, energie e presenze che sfiorano l\u2019astrazione senza mai perdere un\u2019intima aderenza all\u2019esperienza<br>sensibile.<br>Il percorso espositivo attraversa le diverse fasi della sua produzione: dagli esordi figurativi alle progressive riduzioni<br>formali, dalle vibrazioni cromatiche del paesaggio pianeggiante alle apparizioni biomorfe del microcosmo fluviale,<br>fino alle tensioni geometriche e instabili degli ultimi decenni, in cui linee, diagonali, griglie e scale diventano<br>metafora di un equilibrio sempre precario, esistenziale e poetico insieme. Ne emerge una pittura capace di<br>coniugare rigore e leggerezza, metodo e intuizione, visione lirica e consapevolezza critica.<br>In occasione della mostra viene presentato il sesto volume della collana Quaderni del Butti, interamente<br>dedicato a Enrico Della Torre, con testi critici di Gabi Scardi e Veronica Zanardi. Il catalogo approfondisce il<br>senso e la continuit\u00e0 di una ricerca che, pur attraversando linguaggi e soluzioni diverse, resta sempre fedele ai<br>propri principi generativi: l\u2019attenzione alle strutture profonde del paesaggio, la collaborazione con la natura, la<br>capacit\u00e0 di \u201cdire la realt\u00e0\u201d non descrivendola, ma evocandone l\u2019energia segreta.<br>La mostra e il catalogo restituiscono il ritratto di un artista pienamente presente al mondo, per il quale la pittura \u00e8<br>stata esperienza conoscitiva, scelta etica e forma di partecipazione: un modo di abitare il visibile senza dominarlo,<br>lasciando che il mistero continui a vibrare.<\/p>\n\n\n\n<figure class=\"wp-block-gallery has-nested-images columns-default is-cropped wp-block-gallery-1 is-layout-flex wp-block-gallery-is-layout-flex\">\n<figure class=\"wp-block-image size-large\"><img loading=\"lazy\" decoding=\"async\" width=\"728\" height=\"1030\" data-id=\"1794\" src=\"https:\/\/www.museiciviciviggiutesi.com\/wp-content\/uploads\/2026\/02\/DELLA-TORRE_Locandina_page-0001-728x1030.jpg\" alt=\"\" class=\"wp-image-1794\" srcset=\"https:\/\/www.museiciviciviggiutesi.com\/wp-content\/uploads\/2026\/02\/DELLA-TORRE_Locandina_page-0001-728x1030.jpg 728w, https:\/\/www.museiciviciviggiutesi.com\/wp-content\/uploads\/2026\/02\/DELLA-TORRE_Locandina_page-0001-212x300.jpg 212w, https:\/\/www.museiciviciviggiutesi.com\/wp-content\/uploads\/2026\/02\/DELLA-TORRE_Locandina_page-0001-768x1086.jpg 768w, https:\/\/www.museiciviciviggiutesi.com\/wp-content\/uploads\/2026\/02\/DELLA-TORRE_Locandina_page-0001-1086x1536.jpg 1086w, https:\/\/www.museiciviciviggiutesi.com\/wp-content\/uploads\/2026\/02\/DELLA-TORRE_Locandina_page-0001-1448x2048.jpg 1448w, https:\/\/www.museiciviciviggiutesi.com\/wp-content\/uploads\/2026\/02\/DELLA-TORRE_Locandina_page-0001-1060x1500.jpg 1060w, https:\/\/www.museiciviciviggiutesi.com\/wp-content\/uploads\/2026\/02\/DELLA-TORRE_Locandina_page-0001-498x705.jpg 498w, https:\/\/www.museiciviciviggiutesi.com\/wp-content\/uploads\/2026\/02\/DELLA-TORRE_Locandina_page-0001-450x637.jpg 450w, https:\/\/www.museiciviciviggiutesi.com\/wp-content\/uploads\/2026\/02\/DELLA-TORRE_Locandina_page-0001.jpg 1754w\" sizes=\"auto, (max-width: 728px) 100vw, 728px\" \/><\/figure>\n<\/figure>\n<\/div><footer class=\"entry-footer\"><\/footer><div class='post_delimiter'><\/div><\/div><div class='post_author_timeline'><\/div><span class='hidden'>\n\t\t\t<span class='av-structured-data'  itemprop=\"image\" itemscope=\"itemscope\" itemtype=\"https:\/\/schema.org\/ImageObject\"  itemprop='image'>\n\t\t\t\t\t   <span itemprop='url' >https:\/\/www.museiciviciviggiutesi.com\/wp-content\/uploads\/2026\/02\/DELLA-TORRE_Locandina_page-0001.jpg<\/span>\n\t\t\t\t\t   <span itemprop='height' >2481<\/span>\n\t\t\t\t\t   <span itemprop='width' >1754<\/span>\n\t\t\t\t  <\/span><span class='av-structured-data'  itemprop=\"publisher\" itemtype=\"https:\/\/schema.org\/Organization\" itemscope=\"itemscope\" >\n\t\t\t\t<span itemprop='name'>Francesco Rizzi<\/span>\n\t\t\t\t<span itemprop='logo' itemscope itemtype='https:\/\/schema.org\/ImageObject'>\n\t\t\t\t   <span itemprop='url'><\/span>\n\t\t\t\t <\/span>\n\t\t\t  <\/span><span class='av-structured-data'  itemprop=\"author\" itemscope=\"itemscope\" itemtype=\"https:\/\/schema.org\/Person\" ><span itemprop='name'>Francesco Rizzi<\/span><\/span><span class='av-structured-data'  itemprop=\"datePublished\" datetime=\"2026-02-28T12:03:31+01:00\" >2026-02-28 12:03:31<\/span><span class='av-structured-data'  itemprop=\"dateModified\" itemtype=\"https:\/\/schema.org\/dateModified\" >2026-02-28 12:16:08<\/span><span class='av-structured-data'  itemprop=\"mainEntityOfPage\" itemtype=\"https:\/\/schema.org\/mainEntityOfPage\" ><span itemprop='name'>Enrico della Torre. Geometrie organiche<\/span><\/span><\/span><\/article><div class='single-big'><nav class='pagination'><span class='pagination-meta'>Pagina 1 di 2<\/span><span class='current'>1<\/span><a href='https:\/\/www.museiciviciviggiutesi.com\/index.php?rest_route=%2Fwp%2Fv2%2Fpages%2F236&#038;paged=2' class='inactive next_page' >2<\/a><\/nav>\n<\/div><\/div><\/div><div  class='hr hr-default  '><span class='hr-inner ' ><span class='hr-inner-style'><\/span><\/span><\/div><\/p>\n<div class=\"flex_column av_one_full  flex_column_div av-zero-column-padding first  \" style='border-radius:0px; '><div style='padding-bottom:10px; font-size:26px;' class='av-special-heading av-special-heading-h3  blockquote modern-quote   av-inherit-size '><h3 class='av-special-heading-tag '  itemprop=\"headline\"  ><b>News<\/b><\/h3><div class ='av-subheading av-subheading_below  ' style='font-size:14px;'><p>Notizie relative ai Musei civici Viggiutesi.<\/p>\n<\/div><div class='special-heading-border'><div class='special-heading-inner-border' ><\/div><\/div><\/div><\/div><div class=\"flex_column av_one_full  flex_column_div av-zero-column-padding first  \" style='border-radius:0px; '><div class='av-alb-blogposts template-blog  '  itemscope=\"itemscope\" itemtype=\"https:\/\/schema.org\/Blog\" ><article class='post-entry post-entry-type-standard post-entry-1776 post-loop-2 post-parity-even single-small  post-1776 post type-post status-publish format-standard hentry category-mcv'  itemscope=\"itemscope\" itemtype=\"https:\/\/schema.org\/BlogPosting\" ><div class='blog-meta'><a href='https:\/\/www.museiciviciviggiutesi.com\/?p=1776' class='small-preview' title='Silvia Negrini &#8211; Apnea'><span class=\"iconfont\" aria-hidden='true' data-av_icon='\ue836' data-av_iconfont='entypo-fontello'><\/span><\/a><\/div><div class='entry-content-wrapper clearfix standard-content'><header class=\"entry-content-header\"><h2 class='post-title entry-title '  itemprop=\"headline\" >\t<a href='https:\/\/www.museiciviciviggiutesi.com\/?p=1776' rel='bookmark' title='Link Permanente: Silvia Negrini &#8211; Apnea'>Silvia Negrini &#8211; Apnea\t\t\t<span class='post-format-icon minor-meta'><\/span>\t<\/a><\/h2><span class='post-meta-infos'><time class='date-container minor-meta updated' >18 Marzo 2025<\/time><span class='text-sep text-sep-date'>\/<\/span><span class='comment-container minor-meta'><a href=\"https:\/\/www.museiciviciviggiutesi.com\/?p=1776#respond\" class=\"comments-link\" >0 Commenti<\/a><\/span><span class='text-sep text-sep-comment'>\/<\/span><span class=\"blog-categories minor-meta\">in <a href=\"https:\/\/www.museiciviciviggiutesi.com\/?cat=10\" rel=\"tag\">Polo Museale<\/a> <\/span><span class=\"text-sep text-sep-cat\">\/<\/span><span class=\"blog-author minor-meta\">da <span class=\"entry-author-link\" ><span class=\"vcard author\"><span class=\"fn\"><a href=\"https:\/\/www.museiciviciviggiutesi.com\/?author=2\" title=\"Articoli scritti da Francesco Rizzi\" rel=\"author\">Francesco Rizzi<\/a><\/span><\/span><\/span><\/span><\/span><\/header><div class=\"entry-content\"  itemprop=\"text\" >\n<p><strong>Museo Butti|Contemporanea<\/strong> dal 23 marzo al 25 maggio 2025<\/p>\n\n\n\n<p>A cura di Veronica Zanardi. Testi di Rossella Farinotti, Veronica Zanardi<\/p>\n\n\n\n<figure class=\"wp-block-image size-large\"><img loading=\"lazy\" decoding=\"async\" width=\"728\" height=\"1030\" src=\"https:\/\/www.museiciviciviggiutesi.com\/wp-content\/uploads\/2025\/03\/locandinia-Negrini_Butti_page-0001-728x1030.jpg\" alt=\"\" class=\"wp-image-1781\" srcset=\"https:\/\/www.museiciviciviggiutesi.com\/wp-content\/uploads\/2025\/03\/locandinia-Negrini_Butti_page-0001-728x1030.jpg 728w, https:\/\/www.museiciviciviggiutesi.com\/wp-content\/uploads\/2025\/03\/locandinia-Negrini_Butti_page-0001-212x300.jpg 212w, https:\/\/www.museiciviciviggiutesi.com\/wp-content\/uploads\/2025\/03\/locandinia-Negrini_Butti_page-0001-768x1086.jpg 768w, https:\/\/www.museiciviciviggiutesi.com\/wp-content\/uploads\/2025\/03\/locandinia-Negrini_Butti_page-0001-1086x1536.jpg 1086w, https:\/\/www.museiciviciviggiutesi.com\/wp-content\/uploads\/2025\/03\/locandinia-Negrini_Butti_page-0001-1448x2048.jpg 1448w, https:\/\/www.museiciviciviggiutesi.com\/wp-content\/uploads\/2025\/03\/locandinia-Negrini_Butti_page-0001-1060x1500.jpg 1060w, https:\/\/www.museiciviciviggiutesi.com\/wp-content\/uploads\/2025\/03\/locandinia-Negrini_Butti_page-0001-498x705.jpg 498w, https:\/\/www.museiciviciviggiutesi.com\/wp-content\/uploads\/2025\/03\/locandinia-Negrini_Butti_page-0001-450x637.jpg 450w, https:\/\/www.museiciviciviggiutesi.com\/wp-content\/uploads\/2025\/03\/locandinia-Negrini_Butti_page-0001.jpg 1754w\" sizes=\"auto, (max-width: 728px) 100vw, 728px\" \/><\/figure>\n\n\n\n<p><strong> <\/strong>23 marzo 2025 \u2013 25 maggio 2025<br>A cura di Veronica Zanardi<br>Testi critici di Rossella Farinotti e Veronica Zanardi<br>MUSEO BUTTI | CONTEMPORANEA, Viale Varese 4, Viggi\u00f9 (VA)<br>Inaugurazione<br>Domenica 23 marzo dalle ore 11.00<br>Orari<br>Marted\u00ec, Mercoled\u00ec, Gioved\u00ec, Venerd\u00ec, Sabato 14 &#8211; 18.30<br>Domenica 14 \u2013 18<br>(si consiglia la prenotazione tramite sito: www.museiciviciviggiutesi.com)<br>Il Museo Butti | Contemporanea inaugura il suo secondo anno di attivit\u00e0, dopo l\u2019apertura della nuova sede, con un progetto espositivo curato dalla Conservatrice Veronica Zanardi e con testo critico di Rossella Farinotti, pubblicato nel quarto catalogo de \u201cI quaderni del Butti\u201d<br>\u201cCi sono degli immaginari che appaiono impossibili da tradurre in qualcosa di visibile, di tangibile\u201d. Scrive Rossella Farinotti. \u201cBisogna essere bravi per farlo. Silvia Negrini, nel suo studio, descrivendo alcuni dettagli, passando da un dipinto all\u2019altro, indica una superficie dai toni scuri. L\u2019opera \u00e8 composta da due sezioni ben definite, nette, alla sua maniera di dipingere, privilegiando poche gamme cromatiche e la flatness (greenberghiana) tipica del cartoon d\u2019animazione, ma raffinato e densissimo. Le chiedo se la porzione pi\u00f9 bassa rappresenta il mare, seppur di un colore scuro. E se, in qualche modo, il taglio sovrastante riprende un cielo, un orizzonte. Si tratta di un\u2019immagine ripresa dall\u2019Odissea, spiega l\u2019artista. \u201cIl mare color del vino\u201d, recita una delle traduzioni del romanzo epico. \u00c8 proprio un mare colore come il vino, come ho fatto a non pensarci subito.\u201d<br>La pittura di Silvia Negrini si colloca in un territorio di confine, dove il linguaggio figurativo si riduce all\u2019essenziale, sfiorando la dimensione dell\u2019astrazione. Le sue opere presentano ambienti geometricamente costruiti, paesaggi ordinati, interni essenziali e strutture architettoniche rigorose, nei quali la presenza umana \u00e8 completamente assente. Eppure, non si tratta di luoghi anonimi o alienanti, bens\u00ec di spazi densi di significato, sospesi in un silenzio carico di tensione e possibilit\u00e0. La straordinaria sintesi formale resa attraverso superfici uniformi, trattate con smalti e colori piatti, restituiscono un\u2019immagine depurata, dove ogni linea e ogni rapporto spaziale rispondono a una logica precisa. Nonostante l\u2019apparente freddezza esecutiva, le composizioni non risultano sterili n\u00e9 distaccate. Al contrario, la loro meticolosa costruzione genera un\u2019inaspettata carica evocativa, stimolando nello spettatore una percezione attiva dello spazio. Le architetture dipinte sembrano attendere un evento, un accadimento che non si manifesta mai. Questo senso di attesa, unito alla pulizia assoluta della rappresentazione, richiama l\u2019atmosfera sospesa della pittura metafisica, pur senza condividerne la dimensione simbolica o narrativa. La ricerca di Negrini si inserisce nel solco della pittura analitica, intesa come indagine sulle strutture linguistiche della rappresentazione; il suo lavoro non cerca di restituire una realt\u00e0 oggettiva, ma piuttosto di esplorare il modo in cui lo spazio e le forme vengono percepite e organizzate sulla superficie pittorica.<br>Silvia Negrini nasce a Sondrio, nel 1982<br>Studia Pittura all\u2019Accademia di Belle Arti di Brera, dove si diploma nel 2007. Dal 2020 al 2024 insegna al Liceo Artistico Statale di Brera di Milano; dal 2019 al 2024 \u00e8 docente di Anatomia Artistica presso la Scuola del Nudo e degli Artefici dell\u2019Accademia di Belle Arti di Brera e, nel 2022, di Tecniche Pittoriche all\u2019Accademia di Belle Arti di Firenze. Nel 2024 \u00e8 destinataria della cattedra di Tecniche per la Pittura dell\u2019Accademia di Belle Arti di Venezia dove tutt\u2019oggi lavora.<br>PRINCIPALI ESPOSIZIONI PERSONALI E COLLETTIVE<br>2025: Densamente spopolato, a cura di I. Quaroni, Galleria Antonio Colombo, Milano<br>2022: E solo Silvia Negrini, a cura di F. Mutti e L. Passoni, Luogo_E, Bergamo<br>2008: Cronache in Rosa, a cura di A. Trabucco, Galleria Aus 18, Milano<br>2024: D\u2019istruzione, a cura di F. Mutti e L. Passoni, Luogo_e, Bergamo; ArtVerona Vincitrice premio \u201cA Disposizione\u201d Veronafiere, rappresentata da Galleria Antonio Colombo, Milano; Gran Turismo, a cura di C. Langone, Museo delle Carceri, Asiago; Pittori d\u2019Italia, a cura di I. Quaroni, Galleria Antonio Colombo, Milano; Per Grazia Ricevuta, a cura di A. M. Martini, Galleria Giovanni Bonelli, Milano; As Islands, a cura di S. Cagol, in collaborazione con MUSE (TN), Castel Belasi, Campomenno (TN); Intus, con il patrocinio di Regione Lombardia, a cura di Isorrophia, Regione Lombardia, Delegazione di Roma, Roma; That\u2019s It Honey!, a cura di C. Ascari, Galleria Verolino Contemporary, Modena.<br>2022: Muri d\u2019Artista, a cura di F. Martelli, M. Pelligra e R. Farinotti, patrocinato da Comune di Milano, Cittadella degli Archivi del Comune di Milano; Visioni (S)Velate, a cura di E. Bray, Viafarini, Organizzazione No Profit per la Promozione e la Ricerca Artistica, Via Carlo Farini 35, Milano; VIR Viafarini in Residence.<br>2021: Osservatorio X, G. Di Matteo, It. Aria, I. Mariotti, D. Moro, D. Vescovi, SuperstudioPi\u00f9, Basement, Milano<br>2019: Les Sublime Archive Revolution, Contemporary Art Festival, Art Fair Suomi, a cura di L. Scacco, Fiera Internazionale di Arte Contemporanea, con il patrocinio di Fondazione Arthur Cravan e Istituto Italiano di Cultura, Kaapelitehdas (Cable Factory), Tallberginkatu 1C, Helsinki, Finlandia<br>2016: No Place. Space 2, a cura di U. Cavenago e E. Cristini, Castello di Fiombo, Lodi<br>2015: Studio Festival # 1, Les Sublimes, a cura di C. Corfone, R. Moccia, V. Chiarand\u00e0 e A.S.Tovini Walk in studio, Esposizione itinerante per gli studi degli artisti milanesi, Fondazione Arthur Cravan, Milano<br>2013: Dietro lo Specchio, Autoritratti Oggi, a cura di N. Cecchelli, Palazzo Appiani, Museo del Mare, Piombino (LI)<br>2012: Seconda Pelle, I 113 anni del Milan \u2013 Per Milan A.C., Palazzo della Triennale, Milano; D\u00e9j\u00e0 Made Ready-Vu, a cura di N. Cecchelli \u2013 Visionaria International Film Festival, XX Edizione, Festival Internazionale del Cinema, con il patrocinio del Comune di Siena, Palazzo Appiani, Museo del Mare, Piombino (LI)<br>2008: Election Day, all\u2019interno del programma di Contemporary Arts, Torino Piemonte, Regione Piemonte e Provincia di Torino, a cura di A. Trabucco e P. Boffelli, Villa Capriglio, Torino; Amoena \u2013 Esercizi Audiovisivi sul Paesaggio, a cura di S. Frangi &#8211; SAF, Ex Carceri, Castiadas (CA); No Sense of Sin, a cura di I. Quaroni, Galleria Area\/B, Milano; Allarmy 4, a cura di A. Trabucco, A. Zanchetta e I. Quaroni, Ex Caserma Militare De Cristoforis, Como; Cosenz Fine Arts Village, Le Case dell\u2019Arte, Fuori Salone del Mobile, con la collaborazione di Cappellini e Harley Davidson, a cura di A. Del Guercio, Cosenz Village, Milano<br>2007: The Ucronians, a cura di G. Cervi, Galleria Aus 18, Milano; Il Gioco del Tessile, Esposizione internazionale itinerante, a cura di N. Salvatore, Royal Museum, Pechino e Ve Pat Nedim Tor Muzesi, Istanbul<br>2006: Festival delle Arti, In collaborazione con Meltin Box \u2013 Palazzo Sassi, Sondrio; Un Lavoro Fatto ad Arte, Centenario della CGIL, A cura di V. Pirola, Palazzo Te, Mantova<\/p>\n<\/div><footer class=\"entry-footer\"><\/footer><div class='post_delimiter'><\/div><\/div><div class='post_author_timeline'><\/div><span class='hidden'>\n\t\t\t<span class='av-structured-data'  itemprop=\"image\" itemscope=\"itemscope\" itemtype=\"https:\/\/schema.org\/ImageObject\"  itemprop='image'>\n\t\t\t\t\t   <span itemprop='url' ><\/span>\n\t\t\t\t\t   <span itemprop='height' >0<\/span>\n\t\t\t\t\t   <span itemprop='width' >0<\/span>\n\t\t\t\t  <\/span><span class='av-structured-data'  itemprop=\"publisher\" itemtype=\"https:\/\/schema.org\/Organization\" itemscope=\"itemscope\" >\n\t\t\t\t<span itemprop='name'>Francesco Rizzi<\/span>\n\t\t\t\t<span itemprop='logo' itemscope itemtype='https:\/\/schema.org\/ImageObject'>\n\t\t\t\t   <span itemprop='url'><\/span>\n\t\t\t\t <\/span>\n\t\t\t  <\/span><span class='av-structured-data'  itemprop=\"author\" itemscope=\"itemscope\" itemtype=\"https:\/\/schema.org\/Person\" ><span itemprop='name'>Francesco Rizzi<\/span><\/span><span class='av-structured-data'  itemprop=\"datePublished\" datetime=\"2025-03-18T12:50:24+01:00\" >2025-03-18 12:50:24<\/span><span class='av-structured-data'  itemprop=\"dateModified\" itemtype=\"https:\/\/schema.org\/dateModified\" >2026-02-28 12:14:34<\/span><span class='av-structured-data'  itemprop=\"mainEntityOfPage\" itemtype=\"https:\/\/schema.org\/mainEntityOfPage\" ><span itemprop='name'>Silvia Negrini - Apnea<\/span><\/span><\/span><\/article><article class='post-entry post-entry-type-standard post-entry-1726 post-loop-3 post-parity-odd single-small with-slider post-1726 post type-post status-publish format-standard has-post-thumbnail hentry category-mcv'  itemscope=\"itemscope\" itemtype=\"https:\/\/schema.org\/BlogPosting\" ><div class='blog-meta'><a href='https:\/\/www.museiciviciviggiutesi.com\/?p=1726' class='small-preview' title='Claudio Verna: carte'><img loading=\"lazy\" decoding=\"async\" width=\"180\" height=\"180\" src=\"https:\/\/www.museiciviciviggiutesi.com\/wp-content\/uploads\/2024\/11\/locandina-Verna-180x180.jpg\" class=\"attachment-square size-square wp-post-image\" alt=\"\" srcset=\"https:\/\/www.museiciviciviggiutesi.com\/wp-content\/uploads\/2024\/11\/locandina-Verna-180x180.jpg 180w, https:\/\/www.museiciviciviggiutesi.com\/wp-content\/uploads\/2024\/11\/locandina-Verna-80x80.jpg 80w, https:\/\/www.museiciviciviggiutesi.com\/wp-content\/uploads\/2024\/11\/locandina-Verna-36x36.jpg 36w, https:\/\/www.museiciviciviggiutesi.com\/wp-content\/uploads\/2024\/11\/locandina-Verna-120x120.jpg 120w, https:\/\/www.museiciviciviggiutesi.com\/wp-content\/uploads\/2024\/11\/locandina-Verna-450x450.jpg 450w\" sizes=\"auto, (max-width: 180px) 100vw, 180px\" \/><span class=\"iconfont\" aria-hidden='true' data-av_icon='\ue836' data-av_iconfont='entypo-fontello'><\/span><\/a><\/div><div class='entry-content-wrapper clearfix standard-content'><header class=\"entry-content-header\"><h2 class='post-title entry-title '  itemprop=\"headline\" >\t<a href='https:\/\/www.museiciviciviggiutesi.com\/?p=1726' rel='bookmark' title='Link Permanente: Claudio Verna: carte'>Claudio Verna: carte\t\t\t<span class='post-format-icon minor-meta'><\/span>\t<\/a><\/h2><span class='post-meta-infos'><time class='date-container minor-meta updated' >22 Novembre 2024<\/time><span class='text-sep text-sep-date'>\/<\/span><span class=\"blog-categories minor-meta\">in <a href=\"https:\/\/www.museiciviciviggiutesi.com\/?cat=10\" rel=\"tag\">Polo Museale<\/a> <\/span><span class=\"text-sep text-sep-cat\">\/<\/span><span class=\"blog-author minor-meta\">da <span class=\"entry-author-link\" ><span class=\"vcard author\"><span class=\"fn\"><a href=\"https:\/\/www.museiciviciviggiutesi.com\/?author=2\" title=\"Articoli scritti da Francesco Rizzi\" rel=\"author\">Francesco Rizzi<\/a><\/span><\/span><\/span><\/span><\/span><\/header><div class=\"entry-content\"  itemprop=\"text\" >\n<p><strong>24 novembre 2024 \u2013 26 gennaio 2025 <\/strong><\/p>\n\n\n\n<p>A cura di Veronica Zanardi e Massimo Bignardi <\/p>\n\n\n\n<p>Testi critici Massimo Bignardi e Veronica Zanardi <\/p>\n\n\n\n<p><strong>MUSEO BUTTI | CONTEMPORANEA<\/strong> &#8211;  Viale Varese 4, 21059 Viggi\u00f9 (VA) <\/p>\n\n\n\n<p>Tel. 0332 486510<\/p>\n\n\n\n<p>e-mail museobutti@comune.viggiu.va.it <\/p>\n\n\n\n<p>Inaugurazione Domenica 24 novembre dalle ore 11.00 <\/p>\n\n\n\n<p>Orari Marted\u00ec, Mercoled\u00ec, Gioved\u00ec, Venerd\u00ec, Sabato 14 &#8211; 18.30 Domenica 14 \u2013 18<\/p>\n\n\n\n<p>Il Museo Butti | Contemporanea, chiude questo primo anno di attivit\u00e0 -dopo gli ultimi interventi di riqualificazione della nuova sede espositiva- con un\u2019ultima mostra antologica, dedicata ai lavori su carta del pittore Claudio Verna, curata dalla conservatrice Veronica Zanardi e dal Professor Massimo Bignardi, autore del testo critico pubblicato nel terzo catalogo de \u201cI quaderni del Butti\u201d. Le diciotto carte proposte tracciano una sintesi, ben equilibrata, che pone in evidenza i punti di passaggio, sul piano delle scelte compositive che, di volta in volta, Verna ha aggiunto o sottratto alle esperienze precedenti: \u00e8 un percorso breve ma significativo che prende avvio con alcuni disegni realizzati con il pennarello nero alla fine degli anni Cinquanta, salvo spostarsi sui pastelli degli anni Settanta, che lo vedono tra i principali interpreti della Pittura Analitica, per arrivare alle pi\u00f9 recenti carte, realizzate nei primi due decenni del nuovo millennio. Scrive Massimo Bignardi (\u2026) La tecnica del pastello riduce la distanza della mano, delle dita, dalla superficie della carta. Eliminando ogni ulteriore \u2018protesi\u2019 d\u00e0 luogo a una maggiore spinta nello spazio impalpabile del foglio bianco. Non \u00e8 un caso che Verna paragoni la tecnica del pastello a quella del modellare la creta: non \u00e8 un\u2019esemplificazione per meglio spiegare un dato tecnico. Ritengo, invece, che esso esprima una effettiva sensazione, sentire la materia colore in un spazio mentale, ove la scala dei volumi si affida alla vicinanza o distanza, di stati emozionali. Infatti \u00e8 lo stesso artista a sollecitare tale riflessione, quando afferma in un scritto, dal titolo Come dipingo, apparso nella rivista \u201cQuaderni di Arte Contemporanea\u201d pubblicata nel 2010: \u201cHo sempre pensato \u2013 si legge \u2013 che la cultura, il pensiero, le esperienze fatte, ad un certo punto entrino a far parte della tua stessa natura e ti consentano di captare impulsi che vengono dal profondo, magari rimasti oscuri per lungo tempo\u201d. <br><br>Claudio Verna nasce a Guardiagrele, in provincia di Chieti, nel 1937. Dal 1942 al 1956 studia in Umbria, poi all\u2019Universit\u00e0 di Firenze, dove si laurea con una tesi sulle \u201cArti figurative nella civilt\u00e0 industriale\u201d e dove tiene le prime mostre. Nel 1961 approda a Roma, dove tuttora risiede. Per alcuni anni rinuncia alle mostre per sperimentare e definire in totale autonomia il pensiero e gli strumenti della propria ricerca. Nel 1967 torna ad esporre, ormai definitivamente convinto delle ragioni \u201cantiche e irrinunciabili\u201d della pittura. E\u2019 il periodo della cosiddetta Pittura analitica, volta ad una riflessione sul fare arte oggi e sul rapporto con la tradizione moderna. Raggiunta la maturit\u00e0 espressiva, la pittura di Verna \u201csi articola tra le polarit\u00e0 di un estremo rigore e di un intenso abbandono emotivo\u201d. Protagonista assoluto dei dipinti \u00e8 il colore e la sua capacit\u00e0 di assumere i valori massimi della saturazione e della luce. Dopo il debutto alla Galleria Numero di Firenze nel 1960, sono oltre centoventi le personali e le antologiche allestite in Italia e all\u2019estero, tra cui la Biennale di Venezia nel 1970 e nel 1980, i Musei di Gibellina nel 1988, Spoleto nel 1994, Ferrara nel 1997, Conegliano nel 1998, Treviso nel 2000, L\u2019Aquila nel 2007, la Fondazione Mudima di Milano nel 2012, MAG, Riva del Garda nel 2018; Marc Selwyn Fine Art di Los Angeles nel 2015, Cardi Gallery di Londra e Milano nel 2018, Banca Generali Private, Roma nel 2023; Premio Bugatti-Segantini alla carriera, Nova Milanese nel 2023; Galleria LABS, Bologna nel 2023; CIAC, Foligno nel 2024. Contemporaneamente \u00e8 presente in mostre collettive e rassegne internazionali a D\u03cbsseldorf, Londra, Philadelphia, Copenhagen, Rotterdam, Stoccolma, Darmstadt, Colonia, Mosca, Leningrado, Grenoble, Nizza, Praga, Buenos Aires, San Paolo, Rio de Janeiro e in numerose citt\u00e0 italiane, ottenendo vari riconoscimenti. Nel 2008 l\u2019Accademia Nazionale dei Lincei gli conferisce il premio \u201cAntonio Feltrinelli\u201d per la pittura. Viene nominato Accademico di San Luca. Nel 2010 esce il Catalogo Ragionato del suo lavoro a cura di Volker W. Feierabend e Marco Meneguzzo, per la Silvana Editoriale (MI).<\/p>\n<\/div><footer class=\"entry-footer\"><\/footer><div class='post_delimiter'><\/div><\/div><div class='post_author_timeline'><\/div><span class='hidden'>\n\t\t\t<span class='av-structured-data'  itemprop=\"image\" itemscope=\"itemscope\" itemtype=\"https:\/\/schema.org\/ImageObject\"  itemprop='image'>\n\t\t\t\t\t   <span itemprop='url' >https:\/\/www.museiciviciviggiutesi.com\/wp-content\/uploads\/2024\/11\/locandina-Verna.jpg<\/span>\n\t\t\t\t\t   <span itemprop='height' >2481<\/span>\n\t\t\t\t\t   <span itemprop='width' >1754<\/span>\n\t\t\t\t  <\/span><span class='av-structured-data'  itemprop=\"publisher\" itemtype=\"https:\/\/schema.org\/Organization\" itemscope=\"itemscope\" >\n\t\t\t\t<span itemprop='name'>Francesco Rizzi<\/span>\n\t\t\t\t<span itemprop='logo' itemscope itemtype='https:\/\/schema.org\/ImageObject'>\n\t\t\t\t   <span itemprop='url'><\/span>\n\t\t\t\t <\/span>\n\t\t\t  <\/span><span class='av-structured-data'  itemprop=\"author\" itemscope=\"itemscope\" itemtype=\"https:\/\/schema.org\/Person\" ><span itemprop='name'>Francesco Rizzi<\/span><\/span><span class='av-structured-data'  itemprop=\"datePublished\" datetime=\"2024-11-22T14:44:29+01:00\" >2024-11-22 14:44:29<\/span><span class='av-structured-data'  itemprop=\"dateModified\" itemtype=\"https:\/\/schema.org\/dateModified\" >2026-02-28 12:17:25<\/span><span class='av-structured-data'  itemprop=\"mainEntityOfPage\" itemtype=\"https:\/\/schema.org\/mainEntityOfPage\" ><span itemprop='name'>Claudio Verna: carte<\/span><\/span><\/span><\/article><article class='post-entry post-entry-type-standard post-entry-1720 post-loop-4 post-parity-even single-small  post-1720 post type-post status-publish format-standard hentry category-mcv'  itemscope=\"itemscope\" itemtype=\"https:\/\/schema.org\/BlogPosting\" ><div class='blog-meta'><a href='https:\/\/www.museiciviciviggiutesi.com\/?p=1720' class='small-preview' title='IL MUSEO BUTTI PARTECIPA A ARCHIVIFUTURI 2024'><span class=\"iconfont\" aria-hidden='true' data-av_icon='\ue836' data-av_iconfont='entypo-fontello'><\/span><\/a><\/div><div class='entry-content-wrapper clearfix standard-content'><header class=\"entry-content-header\"><h2 class='post-title entry-title '  itemprop=\"headline\" >\t<a href='https:\/\/www.museiciviciviggiutesi.com\/?p=1720' rel='bookmark' title='Link Permanente: IL MUSEO BUTTI PARTECIPA A ARCHIVIFUTURI 2024'>IL MUSEO BUTTI PARTECIPA A ARCHIVIFUTURI 2024\t\t\t<span class='post-format-icon minor-meta'><\/span>\t<\/a><\/h2><span class='post-meta-infos'><time class='date-container minor-meta updated' >31 Maggio 2024<\/time><span class='text-sep text-sep-date'>\/<\/span><span class='comment-container minor-meta'><a href=\"https:\/\/www.museiciviciviggiutesi.com\/?p=1720#respond\" class=\"comments-link\" >0 Commenti<\/a><\/span><span class='text-sep text-sep-comment'>\/<\/span><span class=\"blog-categories minor-meta\">in <a href=\"https:\/\/www.museiciviciviggiutesi.com\/?cat=10\" rel=\"tag\">Polo Museale<\/a> <\/span><span class=\"text-sep text-sep-cat\">\/<\/span><span class=\"blog-author minor-meta\">da <span class=\"entry-author-link\" ><span class=\"vcard author\"><span class=\"fn\"><a href=\"https:\/\/www.museiciviciviggiutesi.com\/?author=2\" title=\"Articoli scritti da Francesco Rizzi\" rel=\"author\">Francesco Rizzi<\/a><\/span><\/span><\/span><\/span><\/span><\/header><div class=\"entry-content\"  itemprop=\"text\" >\n<figure class=\"wp-block-image size-large\"><img loading=\"lazy\" decoding=\"async\" width=\"1030\" height=\"805\" src=\"https:\/\/www.museiciviciviggiutesi.com\/wp-content\/uploads\/2024\/05\/Archivifuturi-Mappa-2024_print_page-0001-1030x805.jpg\" alt=\"\" class=\"wp-image-1722\" srcset=\"https:\/\/www.museiciviciviggiutesi.com\/wp-content\/uploads\/2024\/05\/Archivifuturi-Mappa-2024_print_page-0001-1030x805.jpg 1030w, https:\/\/www.museiciviciviggiutesi.com\/wp-content\/uploads\/2024\/05\/Archivifuturi-Mappa-2024_print_page-0001-300x235.jpg 300w, https:\/\/www.museiciviciviggiutesi.com\/wp-content\/uploads\/2024\/05\/Archivifuturi-Mappa-2024_print_page-0001-768x600.jpg 768w, https:\/\/www.museiciviciviggiutesi.com\/wp-content\/uploads\/2024\/05\/Archivifuturi-Mappa-2024_print_page-0001-1536x1201.jpg 1536w, https:\/\/www.museiciviciviggiutesi.com\/wp-content\/uploads\/2024\/05\/Archivifuturi-Mappa-2024_print_page-0001-2048x1601.jpg 2048w, https:\/\/www.museiciviciviggiutesi.com\/wp-content\/uploads\/2024\/05\/Archivifuturi-Mappa-2024_print_page-0001-1500x1173.jpg 1500w, https:\/\/www.museiciviciviggiutesi.com\/wp-content\/uploads\/2024\/05\/Archivifuturi-Mappa-2024_print_page-0001-705x551.jpg 705w, https:\/\/www.museiciviciviggiutesi.com\/wp-content\/uploads\/2024\/05\/Archivifuturi-Mappa-2024_print_page-0001-450x352.jpg 450w\" sizes=\"auto, (max-width: 1030px) 100vw, 1030px\" \/><\/figure>\n<\/div><footer class=\"entry-footer\"><\/footer><div class='post_delimiter'><\/div><\/div><div class='post_author_timeline'><\/div><span class='hidden'>\n\t\t\t<span class='av-structured-data'  itemprop=\"image\" itemscope=\"itemscope\" itemtype=\"https:\/\/schema.org\/ImageObject\"  itemprop='image'>\n\t\t\t\t\t   <span itemprop='url' ><\/span>\n\t\t\t\t\t   <span itemprop='height' >0<\/span>\n\t\t\t\t\t   <span itemprop='width' >0<\/span>\n\t\t\t\t  <\/span><span class='av-structured-data'  itemprop=\"publisher\" itemtype=\"https:\/\/schema.org\/Organization\" itemscope=\"itemscope\" >\n\t\t\t\t<span itemprop='name'>Francesco Rizzi<\/span>\n\t\t\t\t<span itemprop='logo' itemscope itemtype='https:\/\/schema.org\/ImageObject'>\n\t\t\t\t   <span itemprop='url'><\/span>\n\t\t\t\t <\/span>\n\t\t\t  <\/span><span class='av-structured-data'  itemprop=\"author\" itemscope=\"itemscope\" itemtype=\"https:\/\/schema.org\/Person\" ><span itemprop='name'>Francesco Rizzi<\/span><\/span><span class='av-structured-data'  itemprop=\"datePublished\" datetime=\"2024-05-31T13:05:26+02:00\" >2024-05-31 13:05:26<\/span><span class='av-structured-data'  itemprop=\"dateModified\" itemtype=\"https:\/\/schema.org\/dateModified\" >2024-11-22 14:47:16<\/span><span class='av-structured-data'  itemprop=\"mainEntityOfPage\" itemtype=\"https:\/\/schema.org\/mainEntityOfPage\" ><span itemprop='name'>IL MUSEO BUTTI PARTECIPA A ARCHIVIFUTURI 2024<\/span><\/span><\/span><\/article><article class='post-entry post-entry-type-standard post-entry-1630 post-loop-5 post-parity-odd single-small  post-1630 post type-post status-publish format-standard hentry category-mcv'  itemscope=\"itemscope\" itemtype=\"https:\/\/schema.org\/BlogPosting\" ><div class='blog-meta'><a href='https:\/\/www.museiciviciviggiutesi.com\/?p=1630' class='small-preview' title='REALART# 6'><span class=\"iconfont\" aria-hidden='true' data-av_icon='\ue836' data-av_iconfont='entypo-fontello'><\/span><\/a><\/div><div class='entry-content-wrapper clearfix standard-content'><header class=\"entry-content-header\"><h2 class='post-title entry-title '  itemprop=\"headline\" >\t<a href='https:\/\/www.museiciviciviggiutesi.com\/?p=1630' rel='bookmark' title='Link Permanente: REALART# 6'>REALART# 6\t\t\t<span class='post-format-icon minor-meta'><\/span>\t<\/a><\/h2><span class='post-meta-infos'><time class='date-container minor-meta updated' >4 Dicembre 2021<\/time><span class='text-sep text-sep-date'>\/<\/span><span class=\"blog-categories minor-meta\">in <a href=\"https:\/\/www.museiciviciviggiutesi.com\/?cat=10\" rel=\"tag\">Polo Museale<\/a> <\/span><span class=\"text-sep text-sep-cat\">\/<\/span><span class=\"blog-author minor-meta\">da <span class=\"entry-author-link\" ><span class=\"vcard author\"><span class=\"fn\"><a href=\"https:\/\/www.museiciviciviggiutesi.com\/?author=2\" title=\"Articoli scritti da Francesco Rizzi\" rel=\"author\">Francesco Rizzi<\/a><\/span><\/span><\/span><\/span><\/span><\/header><div class=\"entry-content\"  itemprop=\"text\" >\n\n\n<p><strong>Comunicato stampa<\/strong><\/p>\n\n\n\n<p><strong>A cura di:&nbsp;&nbsp;&nbsp;&nbsp;&nbsp;&nbsp;&nbsp;&nbsp;&nbsp;&nbsp;&nbsp;&nbsp;&nbsp;&nbsp;&nbsp;&nbsp;&nbsp;&nbsp;&nbsp;&nbsp;&nbsp;&nbsp;&nbsp;&nbsp;&nbsp;&nbsp;&nbsp;&nbsp;&nbsp;&nbsp;&nbsp;&nbsp;&nbsp;&nbsp; <\/strong>Renata Castelli, Franco Crugnola, Isabella Rigamonti<strong>&nbsp;&nbsp;<\/strong><\/p>\n\n\n\n<p><strong>Inaugurazione: &nbsp;&nbsp;&nbsp;&nbsp;&nbsp;&nbsp;&nbsp;&nbsp;&nbsp;&nbsp;&nbsp;&nbsp;&nbsp;&nbsp;&nbsp;&nbsp;&nbsp;&nbsp;&nbsp;&nbsp;&nbsp;&nbsp;&nbsp;&nbsp; <\/strong>sabato 11 dicembre ore 16:30<\/p>\n\n\n\n<p><strong>Durata:&nbsp;&nbsp;&nbsp;&nbsp;&nbsp;&nbsp;&nbsp;&nbsp;&nbsp;&nbsp;&nbsp;&nbsp;&nbsp;&nbsp;&nbsp;&nbsp;&nbsp;&nbsp;&nbsp;&nbsp;&nbsp;&nbsp;&nbsp;&nbsp;&nbsp;&nbsp;&nbsp;&nbsp;&nbsp;&nbsp;&nbsp;&nbsp;&nbsp;&nbsp;&nbsp;&nbsp;&nbsp;&nbsp; <\/strong>Dall\u201911 dicembre 2021 al 15 gennaio 2022<\/p>\n\n\n\n<p><strong>Sede:&nbsp; &nbsp;&nbsp;&nbsp;&nbsp;&nbsp;&nbsp;&nbsp;&nbsp;&nbsp;&nbsp;&nbsp;&nbsp;&nbsp;&nbsp;&nbsp;&nbsp;&nbsp;&nbsp;&nbsp;&nbsp;&nbsp;&nbsp;&nbsp;&nbsp;&nbsp;&nbsp;&nbsp;&nbsp;&nbsp;&nbsp;&nbsp;&nbsp;&nbsp;&nbsp;&nbsp;&nbsp;&nbsp;&nbsp;&nbsp; <\/strong>Museo Butti \u2013 Viale Varese 4 \u2013 21059 Viggi\u00f9 (VA)<\/p>\n\n\n\n<p><strong>Orari:&nbsp;&nbsp;&nbsp;&nbsp;&nbsp;&nbsp;&nbsp;&nbsp;&nbsp;&nbsp;&nbsp;&nbsp;&nbsp;&nbsp;&nbsp;&nbsp;&nbsp;&nbsp;&nbsp;&nbsp;&nbsp;&nbsp;&nbsp;&nbsp;&nbsp;&nbsp;&nbsp;&nbsp;&nbsp;&nbsp;&nbsp;&nbsp;&nbsp;&nbsp;&nbsp;&nbsp;&nbsp;&nbsp;&nbsp;&nbsp;&nbsp; <\/strong><em>da marted\u00ec a venerd\u00ec: 14:00 \u2013 18:30<strong><\/strong><\/em><\/p>\n\n\n\n<p><strong><em>&nbsp;&nbsp;&nbsp;&nbsp;&nbsp;&nbsp;&nbsp;&nbsp;&nbsp;&nbsp;&nbsp;&nbsp;&nbsp;&nbsp;&nbsp;&nbsp;&nbsp;&nbsp;&nbsp;&nbsp;&nbsp;&nbsp;&nbsp;&nbsp;&nbsp;&nbsp;&nbsp;&nbsp;&nbsp;&nbsp;&nbsp;&nbsp;&nbsp;&nbsp;&nbsp;&nbsp;&nbsp;&nbsp;&nbsp;&nbsp;&nbsp;&nbsp;&nbsp;&nbsp;&nbsp;&nbsp;&nbsp;&nbsp;&nbsp;&nbsp;&nbsp; <\/em><\/strong><em>Sabato: 10:00 \u2013 12:00 e 14:00 \u2013 18:30<\/em><\/p>\n\n\n\n<p><em>&nbsp;&nbsp;&nbsp;&nbsp;&nbsp;&nbsp;&nbsp;&nbsp;&nbsp;&nbsp;&nbsp;&nbsp;&nbsp;&nbsp;&nbsp;&nbsp;&nbsp;&nbsp;&nbsp;&nbsp;&nbsp;&nbsp;&nbsp;&nbsp;&nbsp;&nbsp;&nbsp;&nbsp;&nbsp;&nbsp;&nbsp;&nbsp;&nbsp;&nbsp;&nbsp;&nbsp;&nbsp;&nbsp;&nbsp;&nbsp;&nbsp;&nbsp;&nbsp;&nbsp;&nbsp;&nbsp;&nbsp;&nbsp;&nbsp;&nbsp;&nbsp; domenica: 15:00-18:00<\/em><\/p>\n\n\n\n<p><strong>Chiusure:<em>&nbsp;&nbsp;&nbsp;&nbsp;&nbsp;&nbsp;&nbsp;&nbsp;&nbsp;&nbsp;&nbsp;&nbsp;&nbsp;&nbsp;&nbsp;&nbsp;&nbsp;&nbsp;&nbsp;&nbsp;&nbsp;&nbsp;&nbsp;&nbsp;&nbsp;&nbsp;&nbsp;&nbsp;&nbsp;&nbsp;&nbsp;&nbsp;&nbsp;&nbsp; <\/em><\/strong><em>25 dicembre, 1 e 6 gennaio<\/em><\/p>\n\n\n\n<p><strong>Info:<em>&nbsp;&nbsp;&nbsp;&nbsp;&nbsp;&nbsp;&nbsp;&nbsp;&nbsp;&nbsp;&nbsp;&nbsp;&nbsp;&nbsp;&nbsp;&nbsp;&nbsp;&nbsp;&nbsp;&nbsp;&nbsp;&nbsp;&nbsp;&nbsp;&nbsp;&nbsp;&nbsp;&nbsp;&nbsp;&nbsp;&nbsp;&nbsp;&nbsp;&nbsp;&nbsp;&nbsp;&nbsp;&nbsp;&nbsp;&nbsp;&nbsp;&nbsp;&nbsp; tel. <\/em><\/strong><em>0332 486510 e-mail <\/em><a href=\"mailto:museobutti@comune.viggiu.va.it\"><em>museobutti@comune.viggiu.va.it<\/em><\/a><em><\/em><\/p>\n\n\n\n<p>&nbsp;&nbsp;&nbsp;&nbsp;&nbsp;&nbsp;&nbsp;&nbsp;&nbsp;&nbsp;&nbsp;&nbsp;&nbsp;&nbsp;&nbsp;&nbsp;&nbsp;&nbsp;&nbsp;&nbsp;&nbsp;&nbsp;&nbsp;&nbsp;&nbsp;&nbsp;&nbsp;&nbsp;&nbsp;&nbsp;&nbsp;&nbsp;&nbsp;&nbsp;&nbsp;&nbsp;&nbsp;&nbsp;&nbsp;&nbsp;&nbsp;&nbsp;&nbsp;&nbsp;&nbsp;&nbsp;&nbsp;&nbsp;&nbsp;&nbsp;&nbsp; sito web <a href=\"http:\/\/www.museiciviciviggiutesi.com\">www.museiciviciviggiutesi.com<\/a><\/p>\n\n\n\n<p><strong>AVVERTENZE:<em>&nbsp;&nbsp;&nbsp;&nbsp;&nbsp;&nbsp;&nbsp;&nbsp;&nbsp;&nbsp;&nbsp;&nbsp;&nbsp;&nbsp;&nbsp;&nbsp;&nbsp;&nbsp;&nbsp;&nbsp;&nbsp;&nbsp;&nbsp;&nbsp; <\/em><\/strong><em>i visitatori devono essere muniti di <strong>GREEN PASS<\/strong><\/em><\/p>\n\n\n\n<p>REAL ART VOLUME #6 \u2013 2021<\/p>\n\n\n\n<p><strong>Torna la pubblicazione-portfolio d\u2019arte a carattere benefico con opere uniche ed autografe di 14 artisti contemporanei<\/strong><strong><\/strong><\/p>\n\n\n\n<h3 class=\"wp-block-heading\">Dopo il successo della delle prime cinque edizioni, torna <strong>REAL ART, progetto artistico<\/strong>, nato con l\u2019idea di realizzare annualmente una pubblicazione-portfolio con opere uniche ed autografe di artisti contemporanei e <strong>l\u2019intero incasso <\/strong>devolverlo in beneficienza ad enti del territorio.<\/h3>\n\n\n\n<p>L&#8217;edizione del <strong>volume #6, limitata a 130 copie (90 destinate alla diffusione)<\/strong>, presenta lavori unici di:<\/p>\n\n\n\n<h2 class=\"wp-block-heading\">ELISA CELLA ENZO ESPOSITO FERNANDA FEDI<\/h2>\n\n\n\n<p><strong>AGOSTINO FERRARI GAETANO FRACASSIO GIOVANNA GIACHETTI UMBERTO MARIANI PETER HIDE 311065 PAOLA PEZZI ISABELLA RIGAMONTI FRANCESCO RIVA GIORGIO TENTOLINI MICHELE TOMBOLINI GIUSEPPE VENEZIANO<\/strong><strong><\/strong><\/p>\n\n\n\n<h3 class=\"wp-block-heading\">Il progetto ha saputo coinvolgere artisti, stampatori, editori, giornalisti uniti nel nome dell&#8217;arte e dalla solidariet\u00e0. Il ricavato dell\u2019alienazione, infatti, ogni anno andr\u00e0 a sostenere un\u2019associazione che opera senza fine di lucro sul territorio.<\/h3>\n\n\n\n<p>Il volume originale e interdisciplinare coinvolge artisti anche molto differenti tra di loro, invitati a confrontarsi, rimanendo aderenti al loro percorso artistico, al concetto di serialit\u00e0 all\u2019interno di un lavoro \u201c<strong>unico<\/strong>\u201d, differente quindi per ogni volume.<\/p>\n\n\n\n<h3 class=\"wp-block-heading\">Ciascun artista \u00e8 presente nel volume con una doppia pagina: un\u2019opera stampata ed una originale applicata, una sorta di piccolo museo su carta, che invita ad un rapporto anche tattile con il prodotto artistico.<\/h3>\n\n\n\n<p>Il progetto ha avuto, gi\u00e0 nelle sue fasi embrionali, grande sostegno da parte di sedi museali ed istituzionali, tanto da inserire REAL ART all\u2019interno di un percorso itinerante tra alcune realt\u00e0 importanti della provincia. Il volume sar\u00e0 disponibile nei bookshop del <strong>Museo MA*GA <\/strong>di Gallarate, <strong>Museo Bodini <\/strong>di Gemonio, <strong>Museo Parisi Valle <\/strong>di Maccagno con Pino e Veddasca, <strong>Casa<\/strong><strong> <\/strong><strong>Museo<\/strong><strong> <\/strong><strong>Spazio<\/strong><strong> <\/strong><strong>Tadini<\/strong><strong> <\/strong>di Milano, <strong>Galleria Villa Contemporanea <\/strong>di Monza, <strong>Museo Enrico Butti <\/strong>di Viggi\u00f9, <strong>spazio HEART <\/strong>\u2013 pulsazioni culturali- di Vimercate, <strong>Showcases Gallery <\/strong>di Varese, al Front desk della <strong>Meeting Art <\/strong>di Vercelli e in tutte le maggiori fiere d\u2019arte italiane ed estere grazie a <strong>Biancoscuro Art Magazine <\/strong>di Pavia. Il progetto ha poi il supporto video da parte di <strong>Sergio Mandelli <\/strong>della galleria Mandelli Arte e \u201cPraline\u201d.<\/p>\n\n\n\n<h3 class=\"wp-block-heading\">Una lunga rassegna tra le istituzioni coinvolte presenter\u00e0 in fasi alterne il solo volume e\/o il volume e le opere degli artisti coinvolti con importanti mostre e rassegne a partire da fine novembre 2021.<\/h3>\n\n\n\n<p>Scrive Lara Treppiede (Direttrice museo Civico Floriano Bodini &#8211; Gemonio) nella presentazione del volume:<\/p>\n\n\n\n<p>\u201c<em>Un contenitore per documenti importanti, uno scrigno che custodisce opere altrettanto preziose. Non un catalogo, non un libro, ma un portfolio, racchiuso nella sua scatola, essenziale, ecologica, tanto semplice quanto sostanziosa. Questo il numero #6 di REAL ART, in linea con le edizioni che l\u2019hanno preceduto. Continuit\u00e0, seriet\u00e0, determinazione, coraggio, impegno, passione per l\u2019arte, desiderio di conoscenza e di dibattito: queste le motivazioni che muovono tale progetto espositivo, artistico e sociale fin dal 2015. Gi\u00e0 allora il Museo Civico Floriano Bodini \u00e8 stato presente e sostenitore dell\u2019iniziativa, che ancora oggi trova spazio a Gemonio per la mostra collettiva dei protagonisti coinvolti nel susseguirsi delle edizioni. 14 per questo nuovo numero, che vede come sempre un dialogo aperto e diversificato, stimolante quanto innovativo. Lo spessore dell\u2019arte si ritrova sfogliando il portfolio: matericit\u00e0, elementi che si alternano, tecniche e messaggi che si intrecciano. Questo \u00e8 quello che rimane oltre la mostra, lo stare vicini elogiando le diversit\u00e0, unendosi in un progetto corale per esaltare il percorso e le potenzialit\u00e0 artistiche ricordando la forza del confronto. E ancora sorpresa e meraviglia nell\u2019aprire e sfogliare REAL ART #6, un momento che si \u00e8 fatto attendere per cause di forza maggiore, ma che oggi ci ricorda la bellezza e l\u2019importanza della continuit\u00e0 e della presenza, di quella normalit\u00e0 e attesa di qualcosa che diamo per scontato ma che non sempre risulta essere cos\u00ec. Oggi torna REAL ART #6 e lo fa con tutta l\u2019energia e l\u2019entusiasmo che lo distingue\u201d.<\/em><\/p>\n\n\n\n<p><em>Scrive Renata Castelli (Conservatore Musei Civici Viggiutesi \u201cE. Butti\u201d) nella presentazione della mostra:<\/em><\/p>\n\n\n\n<p><em>\u201cIl progetto Real Art, coraggioso e solidale, acquista cos\u00ec un significato assai pi\u00f9 profondo e coinvolgente: \u00e8 una mostra d\u2019arte contemporanea, con la presenza di grandi nomi affermati e di giovani di talento, ciascuno con il proprio indirizzo poetico, con la propria spiccata personalit\u00e0. Ma \u00e8 anche un progetto di collettiva solidariet\u00e0, di intelligente solidariet\u00e0: reale, immediata, che arriva a chi ha davvero bisogno.<\/em><\/p>\n\n\n\n<p><em>Il portfolio, donato a fronte di un\u2019offerta che ci auguriamo generosa, non \u00e8 un libro, non \u00e8<\/em><\/p>\n\n\n\n<p><em>una rivista ma rappresenta un piccolo-grande scrigno d\u2019arte.<\/em><\/p>\n\n\n\n<p><em>E al Museo Butti di Viggi\u00f9 le opere troveranno anche l\u2019opportunit\u00e0 di dialogare, rapportarsi con ci\u00f2 che gli artisti viggiutesi, testimoni ed eredi di una grandissima tradizione scultorea, hanno lasciato e di cui abbiamo il dovere di tramandare la memoria.<\/em><\/p>\n\n\n\n<p><em>In questo rapporto tra tecniche e generi diversi, tra emozioni e suggestioni sempre nuove, il visitatore sapr\u00e0 trovare e scoprire spunti affascinanti e riflessioni profonde, come da sempre l\u2019Arte sa suscitare in tutti noi\u201d.<\/em><\/p>\n\n\n\n<h2 class=\"wp-block-heading\">Per avere REAL ART # 6 e quindi i 14 pezzi unici di artisti internazionali, basta fare una donazione minima di \u20ac 100,00 all\u2019associazione U.N.I.T.A.L.S.I. SOTTOSEZIONE DI VARESE, LOC. BOSTO, ORATORIO SAN LUIGI, VICOLO MERA 2 &#8211; 21100 VARESE<\/h2>\n\n\n\n<p><strong>IBAN IT47N0521610800000000083414 e poi ritirare la copia del volume presso i bookshop o i punti dedicati.<\/strong><\/p>\n\n\n\n<h2 class=\"wp-block-heading\">L\u2019offerta \u00e8 detraibile dalle tasse detraibile a norma art.14 D.L. 35\/2005<\/h2>\n\n\n\n<p>REAL ART \u00e8 un progetto di Franco Crugnola Studio di architettura, via San Martino, 11, Varese<\/p>\n\n\n\n<p><strong>Per maggiori informazioni 338.2303595<\/strong><\/p>\n\n\n\n<p>Press<\/p>\n\n\n\n<p>Showcases Gallery | T 338.2303595 <a href=\"mailto:showcasesgallery@gmail.com\">showcasesgallery@gmail.com<\/a><\/p>\n<\/div><footer class=\"entry-footer\"><\/footer><div class='post_delimiter'><\/div><\/div><div class='post_author_timeline'><\/div><span class='hidden'>\n\t\t\t<span class='av-structured-data'  itemprop=\"image\" itemscope=\"itemscope\" itemtype=\"https:\/\/schema.org\/ImageObject\"  itemprop='image'>\n\t\t\t\t\t   <span itemprop='url' ><\/span>\n\t\t\t\t\t   <span itemprop='height' >0<\/span>\n\t\t\t\t\t   <span itemprop='width' >0<\/span>\n\t\t\t\t  <\/span><span class='av-structured-data'  itemprop=\"publisher\" itemtype=\"https:\/\/schema.org\/Organization\" itemscope=\"itemscope\" >\n\t\t\t\t<span itemprop='name'>Francesco Rizzi<\/span>\n\t\t\t\t<span itemprop='logo' itemscope itemtype='https:\/\/schema.org\/ImageObject'>\n\t\t\t\t   <span itemprop='url'><\/span>\n\t\t\t\t <\/span>\n\t\t\t  <\/span><span class='av-structured-data'  itemprop=\"author\" itemscope=\"itemscope\" itemtype=\"https:\/\/schema.org\/Person\" ><span itemprop='name'>Francesco Rizzi<\/span><\/span><span class='av-structured-data'  itemprop=\"datePublished\" datetime=\"2021-12-04T19:19:06+01:00\" >2021-12-04 19:19:06<\/span><span class='av-structured-data'  itemprop=\"dateModified\" itemtype=\"https:\/\/schema.org\/dateModified\" >2023-04-08 11:48:35<\/span><span class='av-structured-data'  itemprop=\"mainEntityOfPage\" itemtype=\"https:\/\/schema.org\/mainEntityOfPage\" ><span itemprop='name'>REALART# 6<\/span><\/span><\/span><\/article><article class='post-entry post-entry-type-standard post-entry-1547 post-loop-6 post-parity-even post-entry-last single-small with-slider post-1547 post type-post status-publish format-standard has-post-thumbnail hentry category-mcv'  itemscope=\"itemscope\" itemtype=\"https:\/\/schema.org\/BlogPosting\" ><div class='blog-meta'><a href='https:\/\/www.museiciviciviggiutesi.com\/?p=1547' class='small-preview' title='Pino Rusconi: lo scultore viggiutese dei materiali'><img loading=\"lazy\" decoding=\"async\" width=\"180\" height=\"180\" src=\"https:\/\/www.museiciviciviggiutesi.com\/wp-content\/uploads\/2020\/01\/Rusconi-2020-180x180.jpg\" class=\"attachment-square size-square wp-post-image\" alt=\"\" srcset=\"https:\/\/www.museiciviciviggiutesi.com\/wp-content\/uploads\/2020\/01\/Rusconi-2020-180x180.jpg 180w, https:\/\/www.museiciviciviggiutesi.com\/wp-content\/uploads\/2020\/01\/Rusconi-2020-80x80.jpg 80w, https:\/\/www.museiciviciviggiutesi.com\/wp-content\/uploads\/2020\/01\/Rusconi-2020-36x36.jpg 36w, https:\/\/www.museiciviciviggiutesi.com\/wp-content\/uploads\/2020\/01\/Rusconi-2020-120x120.jpg 120w, https:\/\/www.museiciviciviggiutesi.com\/wp-content\/uploads\/2020\/01\/Rusconi-2020-450x450.jpg 450w\" sizes=\"auto, (max-width: 180px) 100vw, 180px\" \/><span class=\"iconfont\" aria-hidden='true' data-av_icon='\ue836' data-av_iconfont='entypo-fontello'><\/span><\/a><\/div><div class='entry-content-wrapper clearfix standard-content'><header class=\"entry-content-header\"><h2 class='post-title entry-title '  itemprop=\"headline\" >\t<a href='https:\/\/www.museiciviciviggiutesi.com\/?p=1547' rel='bookmark' title='Link Permanente: Pino Rusconi: lo scultore viggiutese dei materiali'>Pino Rusconi: lo scultore viggiutese dei materiali\t\t\t<span class='post-format-icon minor-meta'><\/span>\t<\/a><\/h2><span class='post-meta-infos'><time class='date-container minor-meta updated' >3 Gennaio 2020<\/time><span class='text-sep text-sep-date'>\/<\/span><span class=\"blog-categories minor-meta\">in <a href=\"https:\/\/www.museiciviciviggiutesi.com\/?cat=10\" rel=\"tag\">Polo Museale<\/a> <\/span><span class=\"text-sep text-sep-cat\">\/<\/span><span class=\"blog-author minor-meta\">da <span class=\"entry-author-link\" ><span class=\"vcard author\"><span class=\"fn\"><a href=\"https:\/\/www.museiciviciviggiutesi.com\/?author=2\" title=\"Articoli scritti da Francesco Rizzi\" rel=\"author\">Francesco Rizzi<\/a><\/span><\/span><\/span><\/span><\/span><\/header><div class=\"entry-content\"  itemprop=\"text\" >\n<p><em>A cura degli Amici dei Musei Viggiutesi<\/em><\/p>\n\n\n\n<p><strong>Villa Borromeo dal 12 gennaio al 9 febbraio 2020<\/strong><\/p>\n\n\n\n<p>Inaugurazione domenica 12 gennaio 2020, ore 15.30<\/p>\n\n\n\n<p><strong>Orari d\u2019apertura:<\/strong><\/p>\n\n\n\n<p>domenica 15.00 \u2013 18.00 (per altri giorni visita su appuntamento)<\/p>\n\n\n\n<p>Angelo Giuseppe Rusconi nacque a Viggi\u00f9 il 26 Settembre 1916. Conosciuto pi\u00f9 semplicemente come Pino entr\u00f2 presto a far parte della grande schiera di (artisti-artigiani) Viggiutesi che da secoli sono ricordati per via delle loro opere. Frequent\u00f2 la scuola d\u2019arte professionale della (Societ\u00e0 Operaia di Mutuo Soccorso di Viggi\u00f9 la cui istituzione risale al 1862. Sotto la guida Giuseppe Ongaro e di Pietro Gussoni affin\u00f2 le sue qualit\u00e0 di cui diede valoroso saggio, ancor giovanissimo, in diversi concorsi provinciali e regionali.<\/p>\n\n\n\n<p>Dopo la pesante e dolorosa parentesi bellica,riprese a scolpire presso il laboratorio Viggiutese di Luigi Franzi e poi in quello oltre confine dei fratelli Mariotti di Chiasso (Canton Ticino) ove ebbe modo di collaborare con diversi scultori tra i quali i Varesini Quattrini e Frattini. Prolifico nell\u2019arte dello scalpello ma umile come i veri artisti, le sue tante opere sono dislocate in numerose chiese, in parecchi cimiteri e in diversi luoghi pubblici e privati del Canton Ticino e della Lombardia. Molte sue sculture furono esposte con grande successo in diverse mostre, una per tutte: quella degli (Artisti della Valceresio in Lombardia) tenutasi a Milano, nell\u2019aprile del 1982, durante la Sessantesima fiera di Milano.<\/p>\n\n\n\n<p>Scomparso il 13 Agosto 1998, il suo ricordo \u00e8 ancora ben vivo nella memoria&nbsp; di quanti lo conobbero ed apprezzarono: al suo umile portamento&nbsp; contrapponeva una intensa e vibrante vena artistica&nbsp; e piace ancora&nbsp; immaginarlo al suo&nbsp; banco di lavoro, mentre con sapienti colpi di scalpello riesce a separare quelle parti (indifferente marmo, pietra, legno) che celano artistiche figure che solo gli occhi di un vero artista riescono a scorgere per poi\u2026.regalarle ai nostri.<\/p>\n\n\n\n<figure class=\"wp-block-gallery columns-1 is-cropped wp-block-gallery-2 is-layout-flex wp-block-gallery-is-layout-flex\"><ul class=\"blocks-gallery-grid\"><li class=\"blocks-gallery-item\"><figure><img loading=\"lazy\" decoding=\"async\" width=\"791\" height=\"1030\" src=\"http:\/\/www.museiciviciviggiutesi.com\/wp-content\/uploads\/2020\/01\/Rusconi-2020-1-791x1030.jpg\" alt=\"\" data-id=\"1548\" data-full-url=\"http:\/\/www.museiciviciviggiutesi.com\/wp-content\/uploads\/2020\/01\/Rusconi-2020-1.jpg\" data-link=\"http:\/\/www.museiciviciviggiutesi.com\/?attachment_id=1548\" class=\"wp-image-1548\" srcset=\"https:\/\/www.museiciviciviggiutesi.com\/wp-content\/uploads\/2020\/01\/Rusconi-2020-1-791x1030.jpg 791w, https:\/\/www.museiciviciviggiutesi.com\/wp-content\/uploads\/2020\/01\/Rusconi-2020-1-230x300.jpg 230w, https:\/\/www.museiciviciviggiutesi.com\/wp-content\/uploads\/2020\/01\/Rusconi-2020-1-768x1000.jpg 768w, https:\/\/www.museiciviciviggiutesi.com\/wp-content\/uploads\/2020\/01\/Rusconi-2020-1-1180x1536.jpg 1180w, https:\/\/www.museiciviciviggiutesi.com\/wp-content\/uploads\/2020\/01\/Rusconi-2020-1-1573x2048.jpg 1573w, https:\/\/www.museiciviciviggiutesi.com\/wp-content\/uploads\/2020\/01\/Rusconi-2020-1-1152x1500.jpg 1152w, https:\/\/www.museiciviciviggiutesi.com\/wp-content\/uploads\/2020\/01\/Rusconi-2020-1-542x705.jpg 542w, https:\/\/www.museiciviciviggiutesi.com\/wp-content\/uploads\/2020\/01\/Rusconi-2020-1-450x586.jpg 450w, https:\/\/www.museiciviciviggiutesi.com\/wp-content\/uploads\/2020\/01\/Rusconi-2020-1.jpg 1955w\" sizes=\"auto, (max-width: 791px) 100vw, 791px\" \/><\/figure><\/li><\/ul><\/figure>\n<\/div><footer class=\"entry-footer\"><\/footer><div class='post_delimiter'><\/div><\/div><div class='post_author_timeline'><\/div><span class='hidden'>\n\t\t\t<span class='av-structured-data'  itemprop=\"image\" itemscope=\"itemscope\" itemtype=\"https:\/\/schema.org\/ImageObject\"  itemprop='image'>\n\t\t\t\t\t   <span itemprop='url' >https:\/\/www.museiciviciviggiutesi.com\/wp-content\/uploads\/2020\/01\/Rusconi-2020.jpg<\/span>\n\t\t\t\t\t   <span itemprop='height' >2545<\/span>\n\t\t\t\t\t   <span itemprop='width' >1955<\/span>\n\t\t\t\t  <\/span><span class='av-structured-data'  itemprop=\"publisher\" itemtype=\"https:\/\/schema.org\/Organization\" itemscope=\"itemscope\" >\n\t\t\t\t<span itemprop='name'>Francesco Rizzi<\/span>\n\t\t\t\t<span itemprop='logo' itemscope itemtype='https:\/\/schema.org\/ImageObject'>\n\t\t\t\t   <span itemprop='url'><\/span>\n\t\t\t\t <\/span>\n\t\t\t  <\/span><span class='av-structured-data'  itemprop=\"author\" itemscope=\"itemscope\" itemtype=\"https:\/\/schema.org\/Person\" ><span itemprop='name'>Francesco Rizzi<\/span><\/span><span class='av-structured-data'  itemprop=\"datePublished\" datetime=\"2020-01-03T14:32:24+01:00\" >2020-01-03 14:32:24<\/span><span class='av-structured-data'  itemprop=\"dateModified\" itemtype=\"https:\/\/schema.org\/dateModified\" >2023-04-08 11:48:19<\/span><span class='av-structured-data'  itemprop=\"mainEntityOfPage\" itemtype=\"https:\/\/schema.org\/mainEntityOfPage\" ><span itemprop='name'>Pino Rusconi: lo scultore viggiutese dei materiali<\/span><\/span><\/span><\/article><article class='post-entry post-entry-type-standard post-entry-585 post-loop-7 post-parity-odd single-small with-slider post-585 post type-post status-publish format-standard has-post-thumbnail hentry category-mcv'  itemscope=\"itemscope\" itemtype=\"https:\/\/schema.org\/BlogPosting\" ><div class='blog-meta'><a href='https:\/\/www.museiciviciviggiutesi.com\/?p=585' class='small-preview' title='IGNAZIO CAMPAGNA AL MUSEO BUTTI'><img loading=\"lazy\" decoding=\"async\" width=\"180\" height=\"180\" src=\"https:\/\/www.museiciviciviggiutesi.com\/wp-content\/uploads\/2019\/11\/Manifesto-CampagnaR-180x180.jpg\" class=\"attachment-square size-square wp-post-image\" alt=\"\" srcset=\"https:\/\/www.museiciviciviggiutesi.com\/wp-content\/uploads\/2019\/11\/Manifesto-CampagnaR-180x180.jpg 180w, https:\/\/www.museiciviciviggiutesi.com\/wp-content\/uploads\/2019\/11\/Manifesto-CampagnaR-80x80.jpg 80w, https:\/\/www.museiciviciviggiutesi.com\/wp-content\/uploads\/2019\/11\/Manifesto-CampagnaR-36x36.jpg 36w, https:\/\/www.museiciviciviggiutesi.com\/wp-content\/uploads\/2019\/11\/Manifesto-CampagnaR-120x120.jpg 120w, https:\/\/www.museiciviciviggiutesi.com\/wp-content\/uploads\/2019\/11\/Manifesto-CampagnaR-450x450.jpg 450w\" sizes=\"auto, (max-width: 180px) 100vw, 180px\" \/><span class=\"iconfont\" aria-hidden='true' data-av_icon='\ue836' data-av_iconfont='entypo-fontello'><\/span><\/a><\/div><div class='entry-content-wrapper clearfix standard-content'><header class=\"entry-content-header\"><h2 class='post-title entry-title '  itemprop=\"headline\" >\t<a href='https:\/\/www.museiciviciviggiutesi.com\/?p=585' rel='bookmark' title='Link Permanente: IGNAZIO CAMPAGNA AL MUSEO BUTTI'>IGNAZIO CAMPAGNA AL MUSEO BUTTI\t\t\t<span class='post-format-icon minor-meta'><\/span>\t<\/a><\/h2><span class='post-meta-infos'><time class='date-container minor-meta updated' >19 Novembre 2019<\/time><span class='text-sep text-sep-date'>\/<\/span><span class=\"blog-categories minor-meta\">in <a href=\"https:\/\/www.museiciviciviggiutesi.com\/?cat=10\" rel=\"tag\">Polo Museale<\/a> <\/span><span class=\"text-sep text-sep-cat\">\/<\/span><span class=\"blog-author minor-meta\">da <span class=\"entry-author-link\" ><span class=\"vcard author\"><span class=\"fn\"><a href=\"https:\/\/www.museiciviciviggiutesi.com\/?author=1\" title=\"Articoli scritti da amministratore\" rel=\"author\">amministratore<\/a><\/span><\/span><\/span><\/span><\/span><\/header><div class=\"entry-content\"  itemprop=\"text\" >\n<p>\n\nA cura di Claudio Cerritelli<br>Museo Butti dal 27 ottobre al 1 dicembre 2019<br>Inaugurazione domenica 27 ottobre 2019, ore 11.00<br>Orari d\u2019apertura:<br>da marted\u00ec a venerd\u00ec 14.00-18.30, sabato 9.30 \u2013 12.00 e 14.00-18.30 e domenica 15.00 \u2013 18.00<br>La mostra raccoglie opere appartenenti all\u2019ultima produzione dell\u2019artista, affiancate a sculture di un recente passato. La lettura si articola seguendo le tematiche affrontate da Campagna attraverso l\u2019elaborazione di materie care al suo immaginario plastico: dal marmo al bronzo, dalla terracotta alla maiolica, soprattutto le diverse qualit\u00e0 di legno (ciliegio frassino tiglio cirmolo ontano), usate nella loro cruda verit\u00e0 ma anche in versione policroma, oppure utilizzando tela dipinta che aderisce al volume. (Claudio Cerritelli). Come dichiarato dallo scultore, il filo conduttore della ricerca \u00e8 la linea plastica che, dapprima articolata in forme complesse, attraverso un graduale processo di sintesi, si semplifica lasciando spazio alle suggestioni del colore colte nelle tracce di pigmento, nella cromia dei materiali o ancora nei riflessi cangianti delle superfici lucide. Il processo di definizione della forma, nelle opere attuali, \u00e8 caratterizzato dalla modulazione geometrica dei volumi e dalla ricerca di equilibrio tra tensioni fisiche contrapposte. Quest\u2019orientamento nasce dalla precedente riflessione intorno ai valori strutturali della figura, nucleo originario, intorno al quale si \u00e8 svolta nel corso degli anni passati l\u2019esplorazione del rapporto tra forma solida e percezione del vuoto. Al centro del mondo espressivo di Campagna sta infatti la memoria del corpo umano come misura per ogni possibile definizione dello spazio entro cui si colloca, punto di verifica dell\u2019idea costruttiva concepita come armonizzazione delle energie plastiche. Non a caso, l\u2019artista prosegue il superamento della staticit\u00e0 costruttiva immaginando slittamenti, torsioni, movimenti instabili generati dal continuo spostamento di equilibri tra forma essenziale e fisicit\u00e0 della materia. Il richiamo alla verticalit\u00e0 varia a seconda del punto di vista da cui si osserva il corpo della scultura, in modo da cogliere l\u2019intero svilupparsi dell\u2019immagine intorno all\u2019asse di decantazione del suo quoziente plastico, si sovrappongono e si rafforzano a vicenda, senza mettere in discussione l\u2019esigenza primaria dell\u2019armonia, alla quale Campagna commisura ogni scelta formale e ogni procedura tecnica, a partire dalle caratteristiche dei materiali adottati. Il filtro progettuale guida il divenire delle forme con cui vanno volta per volta definendosi le esigenze ideative, le potenzialit\u00e0 espressive del processo esecutivo, e infine la verifica delle qualit\u00e0 artigianali.<br>Claudio Cerritelli<br><\/p>\n\n\n\n<div class=\"wp-block-image\"><figure class=\"aligncenter\"><a href=\"http:\/\/www.museiciviciviggiutesi.com\/wp-content\/uploads\/Manifesto-CampagnaR.jpg\"><img decoding=\"async\" src=\"http:\/\/www.museiciviciviggiutesi.com\/wp-content\/uploads\/Manifesto-CampagnaR-735x1030.jpg\" alt=\"Manifesto CampagnaR\" class=\"wp-image-2125\"\/><\/a><\/figure><\/div>\n<\/div><footer class=\"entry-footer\"><\/footer><div class='post_delimiter'><\/div><\/div><div class='post_author_timeline'><\/div><span class='hidden'>\n\t\t\t<span class='av-structured-data'  itemprop=\"image\" itemscope=\"itemscope\" itemtype=\"https:\/\/schema.org\/ImageObject\"  itemprop='image'>\n\t\t\t\t\t   <span itemprop='url' >https:\/\/www.museiciviciviggiutesi.com\/wp-content\/uploads\/2019\/11\/Manifesto-CampagnaR.jpg<\/span>\n\t\t\t\t\t   <span itemprop='height' >1075<\/span>\n\t\t\t\t\t   <span itemprop='width' >768<\/span>\n\t\t\t\t  <\/span><span class='av-structured-data'  itemprop=\"publisher\" itemtype=\"https:\/\/schema.org\/Organization\" itemscope=\"itemscope\" >\n\t\t\t\t<span itemprop='name'>amministratore<\/span>\n\t\t\t\t<span itemprop='logo' itemscope itemtype='https:\/\/schema.org\/ImageObject'>\n\t\t\t\t   <span itemprop='url'><\/span>\n\t\t\t\t <\/span>\n\t\t\t  <\/span><span class='av-structured-data'  itemprop=\"author\" itemscope=\"itemscope\" itemtype=\"https:\/\/schema.org\/Person\" ><span itemprop='name'>amministratore<\/span><\/span><span class='av-structured-data'  itemprop=\"datePublished\" datetime=\"2019-11-19T10:25:14+01:00\" >2019-11-19 10:25:14<\/span><span class='av-structured-data'  itemprop=\"dateModified\" itemtype=\"https:\/\/schema.org\/dateModified\" >2026-02-28 12:20:03<\/span><span class='av-structured-data'  itemprop=\"mainEntityOfPage\" itemtype=\"https:\/\/schema.org\/mainEntityOfPage\" ><span itemprop='name'>IGNAZIO CAMPAGNA AL MUSEO BUTTI<\/span><\/span><\/span><\/article><div class='single-small'><nav class='pagination'><span class='pagination-meta'>Pagina 1 di 9<\/span><span class='current'>1<\/span><a href='https:\/\/www.museiciviciviggiutesi.com\/index.php?rest_route=%2Fwp%2Fv2%2Fpages%2F236&#038;paged=2' class='inactive next_page' >2<\/a><a href='https:\/\/www.museiciviciviggiutesi.com\/index.php?rest_route=%2Fwp%2Fv2%2Fpages%2F236&#038;paged=3' class='inactive' >3<\/a><a href='https:\/\/www.museiciviciviggiutesi.com\/index.php?rest_route=%2Fwp%2Fv2%2Fpages%2F236&#038;paged=2'>&rsaquo;<\/a><a href='https:\/\/www.museiciviciviggiutesi.com\/index.php?rest_route=%2Fwp%2Fv2%2Fpages%2F236&#038;paged=9'>&raquo;<\/a><\/nav>\n<\/div><\/div><\/div><\/p>\n<div class=\"flex_column av_one_full  flex_column_div av-zero-column-padding first  \" style='border-radius:0px; '><p><div  class='hr hr-default  '><span class='hr-inner ' ><span class='hr-inner-style'><\/span><\/span><\/div><br \/>\n<div style='padding-bottom:10px; ' class='av-special-heading av-special-heading-h3  blockquote classic-quote   '><h3 class='av-special-heading-tag '  itemprop=\"headline\"  >Alcune opere presenti nei Musei Civici Viggiutesi<\/h3><div class='special-heading-border'><div class='special-heading-inner-border' ><\/div><\/div><\/div><br \/>\n<div  class='hr hr-short hr-center   '><span class='hr-inner ' ><span class='hr-inner-style'><\/span><\/span><\/div><br \/>\n<div class=' grid-sort-container isotope   no_margin-container with-title-container grid-total-even grid-col-4 grid-links-' data-portfolio-id='1'><div data-ajax-id='608' class=' grid-entry flex_column isotope-item all_sort no_margin post-entry post-entry-608 grid-entry-overview grid-loop-1 grid-parity-odd  museo-enrico-butti_sort  av_one_fourth first default_av_fullwidth '><article class='main_color inner-entry'  itemscope=\"itemscope\" itemtype=\"https:\/\/schema.org\/BlogPosting\" itemprop=\"blogPost\" ><a href='http:\/\/www.museiciviciviggiutesi.com\/?page_id=623' title='Stizze, Enrico Butti'  data-rel='grid-1' class='grid-image avia-hover-fx'><img loading=\"lazy\" decoding=\"async\" width=\"260\" height=\"185\" src=\"https:\/\/www.museiciviciviggiutesi.com\/wp-content\/uploads\/2019\/11\/stizze2-260x185.jpg\" class=\"attachment-portfolio_small size-portfolio_small wp-post-image\" alt=\"\" \/><\/a><div class='grid-content'><div class='avia-arrow'><\/div><header class=\"entry-content-header\"><h3 class='grid-entry-title entry-title '  itemprop=\"headline\" >Stizze, Enrico Butti<\/h3><\/header><\/div><footer class=\"entry-footer\"><\/footer><\/article><\/div><div data-ajax-id='606' class=' grid-entry flex_column isotope-item all_sort no_margin post-entry post-entry-606 grid-entry-overview grid-loop-2 grid-parity-even  museo-del-900_sort  av_one_fourth  default_av_fullwidth '><article class='main_color inner-entry'  itemscope=\"itemscope\" itemtype=\"https:\/\/schema.org\/BlogPosting\" itemprop=\"blogPost\" ><a href='http:\/\/www.museiciviciviggiutesi.com\/?page_id=734' title='Misticismo, Giacomo Buzzi Reschini'  data-rel='grid-1' class='grid-image avia-hover-fx'><img loading=\"lazy\" decoding=\"async\" width=\"260\" height=\"185\" src=\"https:\/\/www.museiciviciviggiutesi.com\/wp-content\/uploads\/2019\/11\/misticismo-p1-1.jpg\" class=\"attachment-portfolio_small size-portfolio_small wp-post-image\" alt=\"\" \/><\/a><div class='grid-content'><div class='avia-arrow'><\/div><header class=\"entry-content-header\"><h3 class='grid-entry-title entry-title '  itemprop=\"headline\" >Misticismo, Giacomo Buzzi Reschini<\/h3><\/header><\/div><footer class=\"entry-footer\"><\/footer><\/article><\/div><div data-ajax-id='604' class=' grid-entry flex_column isotope-item all_sort no_margin post-entry post-entry-604 grid-entry-overview grid-loop-3 grid-parity-odd  museo-enrico-butti_sort  av_one_fourth  default_av_fullwidth '><article class='main_color inner-entry'  itemscope=\"itemscope\" itemtype=\"https:\/\/schema.org\/BlogPosting\" itemprop=\"blogPost\" ><a href='http:\/\/www.museiciviciviggiutesi.com\/?page_id=531' title='Il Tempo, Enrico Butti'  data-rel='grid-1' class='grid-image avia-hover-fx'><img loading=\"lazy\" decoding=\"async\" width=\"260\" height=\"185\" src=\"https:\/\/www.museiciviciviggiutesi.com\/wp-content\/uploads\/2019\/11\/il-tempo-p2-260x185.jpg\" class=\"attachment-portfolio_small size-portfolio_small wp-post-image\" alt=\"\" srcset=\"https:\/\/www.museiciviciviggiutesi.com\/wp-content\/uploads\/2019\/11\/il-tempo-p2-260x185.jpg 260w, https:\/\/www.museiciviciviggiutesi.com\/wp-content\/uploads\/2019\/11\/il-tempo-p2-450x321.jpg 450w\" sizes=\"auto, (max-width: 260px) 100vw, 260px\" \/><\/a><div class='grid-content'><div class='avia-arrow'><\/div><header class=\"entry-content-header\"><h3 class='grid-entry-title entry-title '  itemprop=\"headline\" >Il Tempo, Enrico Butti<\/h3><\/header><\/div><footer class=\"entry-footer\"><\/footer><\/article><\/div><div data-ajax-id='602' class=' grid-entry flex_column isotope-item all_sort no_margin post-entry post-entry-602 grid-entry-overview grid-loop-4 grid-parity-even  post-entry-last  museo-enrico-butti_sort  av_one_fourth  default_av_fullwidth '><article class='main_color inner-entry'  itemscope=\"itemscope\" itemtype=\"https:\/\/schema.org\/BlogPosting\" itemprop=\"blogPost\" ><a href='http:\/\/www.museiciviciviggiutesi.com\/?page_id=494' title='Cristo crocefisso, Enrico Butti'  data-rel='grid-1' class='grid-image avia-hover-fx'><img loading=\"lazy\" decoding=\"async\" width=\"260\" height=\"185\" src=\"https:\/\/www.museiciviciviggiutesi.com\/wp-content\/uploads\/2019\/11\/crocifisso-p1-260x185.jpg\" class=\"attachment-portfolio_small size-portfolio_small wp-post-image\" alt=\"\" srcset=\"https:\/\/www.museiciviciviggiutesi.com\/wp-content\/uploads\/2019\/11\/crocifisso-p1-260x185.jpg 260w, https:\/\/www.museiciviciviggiutesi.com\/wp-content\/uploads\/2019\/11\/crocifisso-p1-450x321.jpg 450w\" sizes=\"auto, (max-width: 260px) 100vw, 260px\" \/><\/a><div class='grid-content'><div class='avia-arrow'><\/div><header class=\"entry-content-header\"><h3 class='grid-entry-title entry-title '  itemprop=\"headline\" >Cristo crocefisso, Enrico Butti<\/h3><\/header><\/div><footer class=\"entry-footer\"><\/footer><\/article><\/div><\/div><\/p><\/div>\n","protected":false},"excerpt":{"rendered":"","protected":false},"author":1,"featured_media":0,"parent":0,"menu_order":0,"comment_status":"closed","ping_status":"closed","template":"","meta":{"footnotes":""},"class_list":["post-236","page","type-page","status-publish","hentry"],"_links":{"self":[{"href":"https:\/\/www.museiciviciviggiutesi.com\/index.php?rest_route=\/wp\/v2\/pages\/236","targetHints":{"allow":["GET"]}}],"collection":[{"href":"https:\/\/www.museiciviciviggiutesi.com\/index.php?rest_route=\/wp\/v2\/pages"}],"about":[{"href":"https:\/\/www.museiciviciviggiutesi.com\/index.php?rest_route=\/wp\/v2\/types\/page"}],"author":[{"embeddable":true,"href":"https:\/\/www.museiciviciviggiutesi.com\/index.php?rest_route=\/wp\/v2\/users\/1"}],"replies":[{"embeddable":true,"href":"https:\/\/www.museiciviciviggiutesi.com\/index.php?rest_route=%2Fwp%2Fv2%2Fcomments&post=236"}],"version-history":[{"count":7,"href":"https:\/\/www.museiciviciviggiutesi.com\/index.php?rest_route=\/wp\/v2\/pages\/236\/revisions"}],"predecessor-version":[{"id":1197,"href":"https:\/\/www.museiciviciviggiutesi.com\/index.php?rest_route=\/wp\/v2\/pages\/236\/revisions\/1197"}],"wp:attachment":[{"href":"https:\/\/www.museiciviciviggiutesi.com\/index.php?rest_route=%2Fwp%2Fv2%2Fmedia&parent=236"}],"curies":[{"name":"wp","href":"https:\/\/api.w.org\/{rel}","templated":true}]}}