{"id":484,"date":"2019-11-18T17:31:51","date_gmt":"2019-11-18T16:31:51","guid":{"rendered":"http:\/\/www.museiciviciviggiutesi.com\/?page_id=484"},"modified":"2019-11-22T11:44:07","modified_gmt":"2019-11-22T10:44:07","slug":"storia-del-museo-enrico-butti","status":"publish","type":"page","link":"https:\/\/www.museiciviciviggiutesi.com\/?page_id=484","title":{"rendered":"Storia del Museo Enrico Butti"},"content":{"rendered":"<div class=\"flex_column av_one_full  flex_column_div av-zero-column-padding first  avia-builder-el-0  el_before_av_one_fourth  avia-builder-el-first  \" style='border-radius:0px; '><div style='padding-bottom:10px; font-size:26px;' class='av-special-heading av-special-heading-h3  blockquote modern-quote  avia-builder-el-1  avia-builder-el-no-sibling   av-inherit-size '><h3 class='av-special-heading-tag '  itemprop=\"headline\"  >Storia del Museo Enrico Butti<\/h3><div class ='av-subheading av-subheading_below  ' style='font-size:14px;'><p>Una collezione, una storia.<\/p>\n<\/div><div class='special-heading-border'><div class='special-heading-inner-border' ><\/div><\/div><\/div><\/div><div class=\"flex_column av_one_fourth  flex_column_div av-zero-column-padding first  avia-builder-el-2  el_after_av_one_full  el_before_av_three_fourth  column-top-margin\" style='border-radius:0px; '><div class='avia-image-container  av-styling-    avia-builder-el-3  avia-builder-el-no-sibling   avia-align-center '  itemprop=\"image\" itemscope=\"itemscope\" itemtype=\"https:\/\/schema.org\/ImageObject\"  ><div class='avia-image-container-inner'><div class='avia-image-overlay-wrap'><img class='avia_image' src='https:\/\/www.museiciviciviggiutesi.com\/wp-content\/uploads\/2019\/11\/butt-storiai-176x300.jpg' alt='' title='butt-storiai' height=\"300\" width=\"176\"  itemprop=\"thumbnailUrl\"  \/><\/div><\/div><\/div><\/div><\/p>\n<div class=\"flex_column av_three_fourth  flex_column_div av-zero-column-padding   avia-builder-el-4  el_after_av_one_fourth  el_before_av_one_full  column-top-margin\" style='border-radius:0px; '><section class=\"av_textblock_section \"  itemscope=\"itemscope\" itemtype=\"https:\/\/schema.org\/CreativeWork\" ><div class='avia_textblock  '   itemprop=\"text\" ><p>La decisione del Butti di donare la propria gipsoteca al comune di Viggi\u00f9 risale al 1926, come ci informa una lettera autografa dell\u2019artista datata 20 gennaio, cui segue un atto notarile di formalizzazione a data 21 gennaio. Tale scelta \u00e8 molto importante, perch\u00e9 ha salvato un patrimonio ragguardevole di gessi che altrimenti, secondo l\u2019uso dell\u2019artista, sarebbero stati distrutti.<\/p>\n<p>L\u2019edificio della gipsoteca viene costruito appositamente, anche se probabilmente in quegli anni, le solite traversie burocratiche si frappongono al compimento del progetto: anche la disposizione delle opere, in origine, \u00e8 studiata dallo stesso Butti, forse nel 1927.<br \/>\nCon un\u2019altra lettera autografa datata 16 <span id=\"OBJ_PREFIX_DWT2207_com_zimbra_date\" class=\"Object\" role=\"link\">giugno <\/span>1931, il Butti ribadisce la volont\u00e0 di lasciare la gipsoteca in eredit\u00e0 alla comunit\u00e0 di Viggi\u00f9, con l\u2019esplicita condizione che si mantenga l\u2019ordina-mento da lui predisposto.<br \/>\nUna prima catalogazione delle opere, per quanto sommaria, \u00e8 dell\u2019Accetti e risale al 1938: \u00e8 possibile che gi\u00e0 in quell\u2019occasione siano sopravvenuti mutamenti nella dislocazione delle sculture.<\/p>\n<p>Nel 1964 all\u2019edificio viene aggiunta una sala, che ospitava Il minatore, i rilievi del monumento a Verdi ed altri lavori.<br \/>\nNel 1975-76, una ristrutturazione complessiva dell\u2019edificio ha determinato un ulteriore riallestimento della raccolta.<br \/>\nL\u2019ultimo intervento avvenuto negli anni 2002-04 ha visto un adeguamento funzionale degli impianti (elettrico e di riscaldamento) ed un\u2019opera di risanamento delle strutture con particolare attenzione ai gessi che sono stati puliti e restaurati.<br \/>\nInoltre si sono allestite tre nuove sale dedicate ai gessi utilizzati per la realizzazione del monumento a Giuseppe Verdi a Milano e, al piano superiore, sono stati esposti i dipinti del maestro ed alcuni bozzetti in gesso.<\/p>\n<\/div><\/section><\/div><div class=\"flex_column av_one_full  flex_column_div av-zero-column-padding first  avia-builder-el-6  el_after_av_three_fourth  el_before_av_one_full  column-top-margin\" style='border-radius:0px; '><p><div style='padding-bottom:10px; ' class='av-special-heading av-special-heading-h3    avia-builder-el-7  el_before_av_textblock  avia-builder-el-first   '><h3 class='av-special-heading-tag '  itemprop=\"headline\"  >Inaugurazione Monumento Enrico Butti<\/h3><div class='special-heading-border'><div class='special-heading-inner-border' ><\/div><\/div><\/div><br \/>\n<section class=\"av_textblock_section \"  itemscope=\"itemscope\" itemtype=\"https:\/\/schema.org\/CreativeWork\" ><div class='avia_textblock  '   itemprop=\"text\" ><p>Inaugurazione Monumento ai caduti dello Scultore Enrico Butti, Gallarate anno 1924.<\/p>\n<p>Si ringrazia Luigi Ravizzoli per aver fornito il video.<\/p>\n<\/div><\/section><br \/>\n<div class='avia-video avia-video-16-9   av-lazyload-immediate  av-lazyload-video-embed  '   itemprop=\"video\" itemtype=\"https:\/\/schema.org\/VideoObject\"  data-original_url='http:\/\/www.youtube.com\/watch?v=N0KRGGjW3y4' ><script type='text\/html' class='av-video-tmpl'><div class='avia-iframe-wrap'><iframe loading=\"lazy\" title=\"Inaugurazione Monumento ai caduti dello Scultore Enrico Butti\" width=\"1333\" height=\"1000\" src=\"https:\/\/www.youtube.com\/embed\/N0KRGGjW3y4?feature=oembed\" frameborder=\"0\" allow=\"accelerometer; autoplay; encrypted-media; gyroscope; picture-in-picture\" allowfullscreen><\/iframe><\/div><\/script><div class='av-click-to-play-overlay'><div class=\"avia_playpause_icon\"><\/div><\/div><\/div><\/p><\/div><div class=\"flex_column av_one_full  flex_column_div av-zero-column-padding first  avia-builder-el-10  el_after_av_one_full  avia-builder-el-last  column-top-margin\" style='border-radius:0px; '><p><div  class='hr hr-default   avia-builder-el-11  el_before_av_heading  avia-builder-el-first '><span class='hr-inner ' ><span class='hr-inner-style'><\/span><\/span><\/div><br \/>\n<div style='padding-bottom:10px; font-size:26px;' class='av-special-heading av-special-heading-h3  blockquote classic-quote  avia-builder-el-12  el_after_av_hr  el_before_av_hr   av-inherit-size '><h3 class='av-special-heading-tag '  itemprop=\"headline\"  >Alcune opere presenti al Museo Butti<\/h3><div class='special-heading-border'><div class='special-heading-inner-border' ><\/div><\/div><\/div><br \/>\n<div  class='hr hr-short hr-center   avia-builder-el-13  el_after_av_heading  el_before_av_portfolio  avia-builder-el-last  '><span class='hr-inner ' ><span class='hr-inner-style'><\/span><\/span><\/div><br \/>\n<div class=' grid-sort-container isotope   no_margin-container with-title-container grid-total-even grid-col-4 grid-links-' data-portfolio-id='1'><div data-ajax-id='608' class=' grid-entry flex_column isotope-item all_sort no_margin post-entry post-entry-608 grid-entry-overview grid-loop-1 grid-parity-odd  museo-enrico-butti_sort  av_one_fourth first default_av_fullwidth '><article class='main_color inner-entry'  itemscope=\"itemscope\" itemtype=\"https:\/\/schema.org\/CreativeWork\" ><a href='http:\/\/www.museiciviciviggiutesi.com\/?page_id=623' title='Stizze, Enrico Butti'  data-rel='grid-1' class='grid-image avia-hover-fx'><img loading=\"lazy\" decoding=\"async\" width=\"260\" height=\"185\" src=\"https:\/\/www.museiciviciviggiutesi.com\/wp-content\/uploads\/2019\/11\/stizze2-260x185.jpg\" class=\"attachment-portfolio_small size-portfolio_small wp-post-image\" alt=\"\" \/><\/a><div class='grid-content'><div class='avia-arrow'><\/div><header class=\"entry-content-header\"><h3 class='grid-entry-title entry-title '  itemprop=\"headline\" >Stizze, Enrico Butti<\/h3><\/header><\/div><footer class=\"entry-footer\"><\/footer><\/article><\/div><div data-ajax-id='604' class=' grid-entry flex_column isotope-item all_sort no_margin post-entry post-entry-604 grid-entry-overview grid-loop-2 grid-parity-even  museo-enrico-butti_sort  av_one_fourth  default_av_fullwidth '><article class='main_color inner-entry'  itemscope=\"itemscope\" itemtype=\"https:\/\/schema.org\/CreativeWork\" ><a href='http:\/\/www.museiciviciviggiutesi.com\/?page_id=531' title='Il Tempo, Enrico Butti'  data-rel='grid-1' class='grid-image avia-hover-fx'><img loading=\"lazy\" decoding=\"async\" width=\"260\" height=\"185\" src=\"https:\/\/www.museiciviciviggiutesi.com\/wp-content\/uploads\/2019\/11\/il-tempo-p2-260x185.jpg\" class=\"attachment-portfolio_small size-portfolio_small wp-post-image\" alt=\"\" srcset=\"https:\/\/www.museiciviciviggiutesi.com\/wp-content\/uploads\/2019\/11\/il-tempo-p2-260x185.jpg 260w, https:\/\/www.museiciviciviggiutesi.com\/wp-content\/uploads\/2019\/11\/il-tempo-p2-450x321.jpg 450w\" sizes=\"auto, (max-width: 260px) 100vw, 260px\" \/><\/a><div class='grid-content'><div class='avia-arrow'><\/div><header class=\"entry-content-header\"><h3 class='grid-entry-title entry-title '  itemprop=\"headline\" >Il Tempo, Enrico Butti<\/h3><\/header><\/div><footer class=\"entry-footer\"><\/footer><\/article><\/div><div data-ajax-id='602' class=' grid-entry flex_column isotope-item all_sort no_margin post-entry post-entry-602 grid-entry-overview grid-loop-3 grid-parity-odd  museo-enrico-butti_sort  av_one_fourth  default_av_fullwidth '><article class='main_color inner-entry'  itemscope=\"itemscope\" itemtype=\"https:\/\/schema.org\/CreativeWork\" ><a href='http:\/\/www.museiciviciviggiutesi.com\/?page_id=494' title='Cristo crocefisso, Enrico Butti'  data-rel='grid-1' class='grid-image avia-hover-fx'><img loading=\"lazy\" decoding=\"async\" width=\"260\" height=\"185\" src=\"https:\/\/www.museiciviciviggiutesi.com\/wp-content\/uploads\/2019\/11\/crocifisso-p1-260x185.jpg\" class=\"attachment-portfolio_small size-portfolio_small wp-post-image\" alt=\"\" srcset=\"https:\/\/www.museiciviciviggiutesi.com\/wp-content\/uploads\/2019\/11\/crocifisso-p1-260x185.jpg 260w, https:\/\/www.museiciviciviggiutesi.com\/wp-content\/uploads\/2019\/11\/crocifisso-p1-450x321.jpg 450w\" sizes=\"auto, (max-width: 260px) 100vw, 260px\" \/><\/a><div class='grid-content'><div class='avia-arrow'><\/div><header class=\"entry-content-header\"><h3 class='grid-entry-title entry-title '  itemprop=\"headline\" >Cristo crocefisso, Enrico Butti<\/h3><\/header><\/div><footer class=\"entry-footer\"><\/footer><\/article><\/div><div data-ajax-id='595' class=' grid-entry flex_column isotope-item all_sort no_margin post-entry post-entry-595 grid-entry-overview grid-loop-4 grid-parity-even  museo-enrico-butti_sort  av_one_fourth  default_av_fullwidth '><article class='main_color inner-entry'  itemscope=\"itemscope\" itemtype=\"https:\/\/schema.org\/CreativeWork\" ><a href='http:\/\/www.museiciviciviggiutesi.com\/?page_id=511' title='Il Minatore, Enrico Butti'  data-rel='grid-1' class='grid-image avia-hover-fx'><img loading=\"lazy\" decoding=\"async\" width=\"260\" height=\"185\" src=\"https:\/\/www.museiciviciviggiutesi.com\/wp-content\/uploads\/2019\/11\/minatore-p2-1.jpg\" class=\"attachment-portfolio_small size-portfolio_small wp-post-image\" alt=\"\" \/><\/a><div class='grid-content'><div class='avia-arrow'><\/div><header class=\"entry-content-header\"><h3 class='grid-entry-title entry-title '  itemprop=\"headline\" >Il Minatore, Enrico Butti<\/h3><\/header><\/div><footer class=\"entry-footer\"><\/footer><\/article><\/div><div data-ajax-id='159' class=' grid-entry flex_column isotope-item all_sort no_margin post-entry post-entry-159 grid-entry-overview grid-loop-5 grid-parity-odd  museo-enrico-butti_sort  av_one_fourth first default_av_fullwidth '><article class='main_color inner-entry'  itemscope=\"itemscope\" itemtype=\"https:\/\/schema.org\/CreativeWork\" ><a href='http:\/\/www.museiciviciviggiutesi.com\/?page_id=577' title='Monumento a Verdi, Enrico Butti'  data-rel='grid-1' class='grid-image avia-hover-fx'><img loading=\"lazy\" decoding=\"async\" width=\"260\" height=\"185\" src=\"https:\/\/www.museiciviciviggiutesi.com\/wp-content\/uploads\/2019\/11\/8-monumento-a-verdi-dettaglio012-260x185.jpg\" class=\"attachment-portfolio_small size-portfolio_small wp-post-image\" alt=\"\" \/><\/a><div class='grid-content'><div class='avia-arrow'><\/div><header class=\"entry-content-header\"><h3 class='grid-entry-title entry-title '  itemprop=\"headline\" >Monumento a Verdi, Enrico Butti<\/h3><\/header><\/div><footer class=\"entry-footer\"><\/footer><\/article><\/div><div data-ajax-id='156' class=' grid-entry flex_column isotope-item all_sort no_margin post-entry post-entry-156 grid-entry-overview grid-loop-6 grid-parity-even  museo-enrico-butti_sort  av_one_fourth  default_av_fullwidth '><article class='main_color inner-entry'  itemscope=\"itemscope\" itemtype=\"https:\/\/schema.org\/CreativeWork\" ><a href='http:\/\/www.museiciviciviggiutesi.com\/?page_id=505' title='Il Guerriero di Legnano, Enrico Butti'  data-rel='grid-1' class='grid-image avia-hover-fx'><img loading=\"lazy\" decoding=\"async\" width=\"260\" height=\"185\" src=\"https:\/\/www.museiciviciviggiutesi.com\/wp-content\/uploads\/2019\/11\/7-alberto_da_giussano-p-260x185.jpg\" class=\"attachment-portfolio_small size-portfolio_small wp-post-image\" alt=\"\" \/><\/a><div class='grid-content'><div class='avia-arrow'><\/div><header class=\"entry-content-header\"><h3 class='grid-entry-title entry-title '  itemprop=\"headline\" >Il Guerriero di Legnano, Enrico Butti<\/h3><\/header><\/div><footer class=\"entry-footer\"><\/footer><\/article><\/div><div data-ajax-id='153' class=' grid-entry flex_column isotope-item all_sort no_margin post-entry post-entry-153 grid-entry-overview grid-loop-7 grid-parity-odd  museo-enrico-butti_sort  av_one_fourth  default_av_fullwidth '><article class='main_color inner-entry'  itemscope=\"itemscope\" itemtype=\"https:\/\/schema.org\/CreativeWork\" ><a href='http:\/\/www.museiciviciviggiutesi.com\/?page_id=542' title='Angelo dell&#039;evocazione, Enrico Butti'  data-rel='grid-1' class='grid-image avia-hover-fx'><img loading=\"lazy\" decoding=\"async\" width=\"260\" height=\"185\" src=\"https:\/\/www.museiciviciviggiutesi.com\/wp-content\/uploads\/2019\/11\/6-Angelo-dell-evocazione-p-260x185.jpg\" class=\"attachment-portfolio_small size-portfolio_small wp-post-image\" alt=\"\" \/><\/a><div class='grid-content'><div class='avia-arrow'><\/div><header class=\"entry-content-header\"><h3 class='grid-entry-title entry-title '  itemprop=\"headline\" >Angelo dell'evocazione, Enrico Butti<\/h3><\/header><\/div><footer class=\"entry-footer\"><\/footer><\/article><\/div><div data-ajax-id='150' class=' grid-entry flex_column isotope-item all_sort no_margin post-entry post-entry-150 grid-entry-overview grid-loop-8 grid-parity-even  post-entry-last  museo-enrico-butti_sort  av_one_fourth  default_av_fullwidth '><article class='main_color inner-entry'  itemscope=\"itemscope\" itemtype=\"https:\/\/schema.org\/CreativeWork\" ><a href='http:\/\/www.museiciviciviggiutesi.com\/?page_id=548' title='L&#039;aratura, Enrico Butti'  data-rel='grid-1' class='grid-image avia-hover-fx'><img loading=\"lazy\" decoding=\"async\" width=\"260\" height=\"185\" src=\"https:\/\/www.museiciviciviggiutesi.com\/wp-content\/uploads\/2019\/11\/5-aratura-p-260x185.jpg\" class=\"attachment-portfolio_small size-portfolio_small wp-post-image\" alt=\"\" \/><\/a><div class='grid-content'><div class='avia-arrow'><\/div><header class=\"entry-content-header\"><h3 class='grid-entry-title entry-title '  itemprop=\"headline\" >L'aratura, Enrico Butti<\/h3><\/header><\/div><footer class=\"entry-footer\"><\/footer><\/article><\/div><\/div><br \/>\n<div  class='hr hr-short hr-center   avia-builder-el-15  el_after_av_portfolio  el_before_av_button  avia-builder-el-first  '><span class='hr-inner ' ><span class='hr-inner-style'><\/span><\/span><\/div><br \/>\n<div class='avia-button-wrap avia-button-center  avia-builder-el-16  el_after_av_hr  avia-builder-el-last  '><a href='https:\/\/www.museiciviciviggiutesi.com\/?page_id=490'  class='avia-button   avia-icon_select-no avia-color-custom avia-size-large avia-position-center '  style='background-color:#c73a21; border-color:#c73a21; color:#ffffff; ' ><span class='avia_iconbox_title' >Vedi tutte le opere<\/span><\/a><\/div><\/p><\/div><\/p>\n","protected":false},"excerpt":{"rendered":"","protected":false},"author":1,"featured_media":0,"parent":0,"menu_order":0,"comment_status":"closed","ping_status":"closed","template":"","meta":{"footnotes":""},"class_list":["post-484","page","type-page","status-publish","hentry"],"_links":{"self":[{"href":"https:\/\/www.museiciviciviggiutesi.com\/index.php?rest_route=\/wp\/v2\/pages\/484","targetHints":{"allow":["GET"]}}],"collection":[{"href":"https:\/\/www.museiciviciviggiutesi.com\/index.php?rest_route=\/wp\/v2\/pages"}],"about":[{"href":"https:\/\/www.museiciviciviggiutesi.com\/index.php?rest_route=\/wp\/v2\/types\/page"}],"author":[{"embeddable":true,"href":"https:\/\/www.museiciviciviggiutesi.com\/index.php?rest_route=\/wp\/v2\/users\/1"}],"replies":[{"embeddable":true,"href":"https:\/\/www.museiciviciviggiutesi.com\/index.php?rest_route=%2Fwp%2Fv2%2Fcomments&post=484"}],"version-history":[{"count":4,"href":"https:\/\/www.museiciviciviggiutesi.com\/index.php?rest_route=\/wp\/v2\/pages\/484\/revisions"}],"predecessor-version":[{"id":1347,"href":"https:\/\/www.museiciviciviggiutesi.com\/index.php?rest_route=\/wp\/v2\/pages\/484\/revisions\/1347"}],"wp:attachment":[{"href":"https:\/\/www.museiciviciviggiutesi.com\/index.php?rest_route=%2Fwp%2Fv2%2Fmedia&parent=484"}],"curies":[{"name":"wp","href":"https:\/\/api.w.org\/{rel}","templated":true}]}}